{"id":15340,"date":"2015-04-27T09:12:26","date_gmt":"2015-04-27T07:12:26","guid":{"rendered":"http:\/\/demo.qodeinteractive.com\/bridge80\/?page_id=15340"},"modified":"2019-10-22T17:11:41","modified_gmt":"2019-10-22T15:11:41","slug":"fraternitat-santa-clara-girona","status":"publish","type":"page","link":"https:\/\/clarisas.cat\/ca\/fraternitat-santa-clara-girona\/","title":{"rendered":"Identitat"},"content":{"rendered":"<p>[vc_row css_animation=&#8221;&#8221; row_type=&#8221;row&#8221; use_row_as_full_screen_section=&#8221;no&#8221; type=&#8221;grid&#8221; angled_section=&#8221;no&#8221; text_align=&#8221;left&#8221; background_image_as_pattern=&#8221;without_pattern&#8221; padding_top=&#8221;70&#8243; padding_bottom=&#8221;60&#8243;][vc_column offset=&#8221;vc_col-xs-12&#8243;][vc_single_image image=&#8221;15817&#8243; img_size=&#8221;full&#8221; alignment=&#8221;center&#8221; qode_css_animation=&#8221;&#8221;][vc_separator type=&#8221;transparent&#8221; up=&#8221;16&#8243; down=&#8221;0&#8243;][vc_column_text]<\/p>\n<h2 style=\"text-align: center;\"><span style=\"color: #993300;\">Qui som? Qu\u00e8 fem?<\/span><\/h2>\n<p>[\/vc_column_text][vc_separator type=&#8221;transparent&#8221; up=&#8221;10&#8243; down=&#8221;0&#8243;][vc_separator type=&#8221;transparent&#8221; up=&#8221;10&#8243; down=&#8221;0&#8243;][vc_column_text]<\/p>\n<h4 style=\"text-align: center;\"><em><b>\u00a0\u201dUna part de les dones que integren la vida consagrada i<\/b><\/em><em><b> que viuen una forma de vida contemplativa, el fan com clarisses o germanes pobres de santa Clara, seguint les petges del Crist Pobre i Crucificat.\u201d<\/b><\/em><\/h4>\n<p>[\/vc_column_text][vc_separator type=&#8221;transparent&#8221; up=&#8221;10&#8243; down=&#8221;0&#8243;][vc_separator type=&#8221;transparent&#8221; up=&#8221;10&#8243; down=&#8221;0&#8243;][vc_column_text]<span style=\"color: #000000;\">Com a Germanes Pobres de santa Clara acollim el desafiament d\u2019assumir la seva forma de vida, expressada en la interioritzaci\u00f3 i personalitzaci\u00f3 dels valors com la simplicitat, la desapropiaci\u00f3, la fraternitat i l\u2019oraci\u00f3.<\/span>[\/vc_column_text][\/vc_column][\/vc_row][vc_row css_animation=&#8221;&#8221; row_type=&#8221;row&#8221; use_row_as_full_screen_section=&#8221;no&#8221; type=&#8221;grid&#8221; angled_section=&#8221;no&#8221; text_align=&#8221;left&#8221; background_image_as_pattern=&#8221;without_pattern&#8221; padding_bottom=&#8221;37&#8243;][vc_column width=&#8221;1\/2&#8243;][vc_separator type=&#8221;transparent&#8221; up=&#8221;2&#8243; down=&#8221;0&#8243;][vc_column_text]<\/p>\n<h5>FILLES I GERMANES DE CLARA D&#8217;ASS\u00cdS<\/h5>\n<p>[\/vc_column_text][vc_separator type=&#8221;transparent&#8221; up=&#8221;16&#8243; down=&#8221;0&#8243;][vc_column_text]<span style=\"color: #000000;\">Hem estat cridades a formar part de la fam\u00edlia de D\u00e9u, sentim-nos germanes vivim centrades en l\u2019oraci\u00f3 personal i comunit\u00e0ria, en fraternitat.<\/span>[\/vc_column_text][vc_separator type=&#8221;transparent&#8221; up=&#8221;16&#8243; down=&#8221;0&#8243;][vc_column_text]<span style=\"color: #000000;\">La nostra manera d\u2019estar en el m\u00f3n arriba molt m\u00e9s enll\u00e0 dels nostres convents perqu\u00e8 el \u201ctresor\u201d que hem descobert el compartim des de la universalitat de la nostra vocaci\u00f3 contemplativa.<\/span>[\/vc_column_text][vc_separator type=&#8221;transparent&#8221; up=&#8221;16&#8243; down=&#8221;0&#8243;][vc_column_text]<span style=\"color: #000000;\">Et convidem a con\u00e8ixer aquesta &#8220;Forma de Vida&#8221;<\/span>[\/vc_column_text][vc_separator type=&#8221;transparent&#8221; up=&#8221;50&#8243; down=&#8221;0&#8243;][\/vc_column][vc_column width=&#8221;1\/2&#8243;][vc_separator type=&#8221;transparent&#8221; up=&#8221;7&#8243; down=&#8221;0&#8243;][vc_separator type=&#8221;transparent&#8221; up=&#8221;7&#8243; down=&#8221;0&#8243;][vc_single_image image=&#8221;15923&#8243; img_size=&#8221;full&#8221; alignment=&#8221;center&#8221; qode_css_animation=&#8221;element_from_fade&#8221; transition_delay=&#8221;0.4&#8243;][vc_separator type=&#8221;transparent&#8221; up=&#8221;50&#8243; down=&#8221;0&#8243;][\/vc_column][\/vc_row][vc_row css_animation=&#8221;&#8221; row_type=&#8221;row&#8221; use_row_as_full_screen_section=&#8221;no&#8221; type=&#8221;grid&#8221; angled_section=&#8221;no&#8221; text_align=&#8221;left&#8221; background_image_as_pattern=&#8221;without_pattern&#8221; padding_bottom=&#8221;21&#8243;][vc_column][vc_row_inner row_type=&#8221;row&#8221; type=&#8221;full_width&#8221; text_align=&#8221;center&#8221; css_animation=&#8221;&#8221;][vc_column_inner width=&#8221;1\/3&#8243;][vc_single_image image=&#8221;15934&#8243; img_size=&#8221;full&#8221; alignment=&#8221;center&#8221; qode_css_animation=&#8221;element_from_fade&#8221; transition_delay=&#8221;0.2&#8243;][vc_separator type=&#8221;transparent&#8221; up=&#8221;28&#8243; down=&#8221;0&#8243;][vc_column_text]<\/p>\n<h5 style=\"text-align: center;\">Preg\u00e0ria<\/h5>\n<p>[\/vc_column_text][vc_separator type=&#8221;transparent&#8221; up=&#8221;10&#8243; down=&#8221;0&#8243;][vc_column_text]<\/p>\n<p style=\"text-align: center;\"><span style=\"color: #000000;\">En aquesta societat secularitzada ens sentim cridades a viure serenament i decididament l\u2019experi\u00e8ncia de D\u00e9u, Pare de Jes\u00fas i Pare nostre, amb una fe senzilla arrelada en la preg\u00e0ria per &#8220;tenir el cor i la ment fixes sempre en D\u00e9u&#8221;<\/span><\/p>\n<p><span style=\"color: #000000;\">La nostra vocaci\u00f3 cristiana ens col\u00b7loca davant d\u2019una de les realitats que configuren la vocaci\u00f3 del mateix Jes\u00fas, que pregava el seu Pare D\u00e9u des de la solitud i el silenci, des de la tribulaci\u00f3 personal i les necessitats de les persones i la creaci\u00f3.<\/span>[\/vc_column_text][vc_separator type=&#8221;transparent&#8221; up=&#8221;66&#8243; down=&#8221;0&#8243;][\/vc_column_inner][vc_column_inner width=&#8221;1\/3&#8243;][vc_single_image image=&#8221;15943&#8243; img_size=&#8221;full&#8221; alignment=&#8221;center&#8221; qode_css_animation=&#8221;element_from_fade&#8221; transition_delay=&#8221;0.4&#8243;][vc_separator type=&#8221;transparent&#8221; up=&#8221;28&#8243; down=&#8221;0&#8243;][vc_column_text]<\/p>\n<h5 style=\"text-align: center;\">Formaci\u00f3<\/h5>\n<p>[\/vc_column_text][vc_separator type=&#8221;transparent&#8221; up=&#8221;10&#8243; down=&#8221;0&#8243;][vc_column_text]<span style=\"color: #000000;\">Quins s\u00f3n els valors centrals en els quals les germanes clarisses hem de formar-nos? Quin \u00e9s l&#8217;ideal, o la utopia, vers la qual hem de mirar i que pot fer cr\u00e9ixer, en nosaltres, una dona evang\u00e8lica en la l\u00ednia clariana de l&#8217;espiritualitat franciscana?<\/span><\/p>\n<p><span style=\"color: #000000;\">La proposta \u00e9s necess\u00e0riament fragment\u00e0ria i tal vegada parcial, per\u00f2 la mirada es centra en \u00a0la nostra vida consagrada des de l&#8217;experi\u00e8ncia de Clara d\u2019Ass\u00eds, des de l\u2019\u00e9sser de germana i mare; des de l\u2019ess\u00e8ncia com amiga i acompanyant; des del seu ser francisc\u00e0 com a dona.<\/span><\/p>\n<p><span style=\"color: #000000;\">Ella mai va voler apartar-se dels \u201censenyaments i el cam\u00ed que el nostre benaurat pare Francesc l\u2019enseny\u00e0 \u201d<\/span>[\/vc_column_text][vc_separator type=&#8221;transparent&#8221; up=&#8221;66&#8243; down=&#8221;0&#8243;][\/vc_column_inner][vc_column_inner width=&#8221;1\/3&#8243;][vc_single_image image=&#8221;15940&#8243; img_size=&#8221;full&#8221; alignment=&#8221;center&#8221; qode_css_animation=&#8221;element_from_fade&#8221; transition_delay=&#8221;0.6&#8243;][vc_separator type=&#8221;transparent&#8221; up=&#8221;28&#8243; down=&#8221;0&#8243;][vc_column_text]<\/p>\n<h5 style=\"text-align: center;\">Treball<\/h5>\n<p>[\/vc_column_text][vc_separator type=&#8221;transparent&#8221; up=&#8221;10&#8243; down=&#8221;0&#8243;][vc_column_text]<\/p>\n<p style=\"text-align: center;\" align=\"center\"><span style=\"color: #000000;\">&#8220;&#8230;despr\u00e9s de l&#8217;hora de T\u00e8rcia, les germanes treballin en un treball d&#8217;utilitat comuna&#8221;(Santa Clara)<\/span><\/p>\n<p><span style=\"color: #000000;\">Per a nosaltres, filles de Clara d&#8217;Ass\u00eds, el treball \u00e9s un Do del Senyor que enlaira l\u2019esperit i ens fa compartir la condici\u00f3 de treballadores com qualsevol persona.<\/span><\/p>\n<p><span style=\"color: #000000;\">Els canvis econ\u00f2mics, conseq\u00fc\u00e8ncia de la crisi, que varen viure fa uns anys, ens port\u00e0 a cercar una forma diferent de mantenir les nostres necessitats materials. En l&#8217;actualitat ens dediquem a la fabricaci\u00f3 del pa eucar\u00edstic.\u00a0 Podeu adquirir-lo en <span style=\"color: #916545;\"><a style=\"color: #916545;\" href=\"http:\/\/formes.cpl.es\/\" target=\"_blank\" rel=\"noopener noreferrer\">Centre Pastoral Lit\u00fargic de Barcelona<\/a><\/span><\/span>[\/vc_column_text][vc_separator type=&#8221;transparent&#8221; up=&#8221;66&#8243; down=&#8221;0&#8243;][\/vc_column_inner][\/vc_row_inner][\/vc_column][\/vc_row][vc_row css_animation=&#8221;&#8221; row_type=&#8221;row&#8221; use_row_as_full_screen_section=&#8221;no&#8221; type=&#8221;grid&#8221; angled_section=&#8221;no&#8221; text_align=&#8221;center&#8221; background_image_as_pattern=&#8221;without_pattern&#8221; padding_bottom=&#8221;21&#8243; css=&#8221;.vc_custom_1566298954124{padding-bottom: 80px !important;}&#8221; z_index=&#8221;&#8221;][vc_column width=&#8221;1\/2&#8243;][vc_separator type=&#8221;transparent&#8221; up=&#8221;16&#8243; down=&#8221;0&#8243;][vc_single_image image=&#8221;15957&#8243; img_size=&#8221;full&#8221; alignment=&#8221;center&#8221; qode_css_animation=&#8221;&#8221;][vc_separator type=&#8221;transparent&#8221; up=&#8221;16&#8243; down=&#8221;0&#8243;][vc_column_text]<\/p>\n<h2 style=\"text-align: center;\">ESCRITS<\/h2>\n<h2 style=\"text-align: center;\">Santa Clara<\/h2>\n<p>[\/vc_column_text][vc_column_text]<\/p>\n<div style=\"text-align: center;\">\n<p><strong>En aquest espai web, ens fa molta il\u00b7lusi\u00f3 presentar-vos els escrits de la nostra mare i fundadora Clara d&#8217;Ass\u00eds, la humil &#8220;planteta de Francesc&#8221;, com a ella l&#8217;agradava d&#8217;anomenar-se. Hom ha dit que Clara ha estat la millor int\u00e8rpret dels ideals de Francesc. \u00c9s la &#8220;germana Lluna&#8221; que rep tota la llum i l&#8217;escalf del &#8220;germ\u00e0 Sol&#8221;.<\/strong><\/p>\n<p><strong>Aquesta traducci\u00f3 ha estat preparada per la germana Merc\u00e8 Ruiz, osc, germana d\u2019aquesta Fraternitat de clarisses.<\/strong><\/p>\n<div class=\"brclear\"><\/div>\n<\/div>\n<div id=\"separadorGris1\"><\/div>\n<p>[\/vc_column_text][vc_separator type=&#8221;transparent&#8221; up=&#8221;16&#8243; down=&#8221;0&#8243;][vc_separator type=&#8221;transparent&#8221; up=&#8221;16&#8243; down=&#8221;0&#8243;][vc_column_text]<a href=\"https:\/\/clarisas.cat\/wp-content\/uploads\/2019\/08\/REGLA-DE-VIDA-DE-LES-GERMANES-POBRES-DE-SANTA-CLARA.doc\">REGLA DE VIDA DE LES GERMANES POBRES DE SANTA CLARA<\/a>[\/vc_column_text][vc_separator type=&#8221;transparent&#8221; up=&#8221;16&#8243; down=&#8221;0&#8243;][vc_column_text]<a href=\"https:\/\/clarisas.cat\/wp-content\/uploads\/2019\/08\/TESTAMENT-DE-SANTA-CLARA.doc\">TESTAMENT DE SANTA CLARA<\/a>[\/vc_column_text][vc_separator type=&#8221;transparent&#8221; up=&#8221;16&#8243; down=&#8221;0&#8243;][vc_column_text]<a href=\"https:\/\/clarisas.cat\/wp-content\/uploads\/2019\/08\/INTRODUCCI\u00d3-A-LES-CARTES-DE-SANTA-CLARA-A-AGN\u00c8S-DE-BOH\u00c8MIA.doc\">INTRODUCCI\u00d3 A LES CARTES DE SANTA CLARA A AGN\u00c8S DE BOH\u00c8MIA<\/a>[\/vc_column_text][vc_separator type=&#8221;transparent&#8221; up=&#8221;16&#8243; down=&#8221;0&#8243;][vc_column_text]<a href=\"https:\/\/clarisas.cat\/wp-content\/uploads\/2019\/08\/I-CARTA-DE-SANTA-CLARA-A-SANTA-AGN\u00c8S-DE-BOH\u00c8MIA.doc\">I CARTA DE SANTA CLARA A SANTA AGN\u00c8S DE BOH\u00c8MIA<\/a>[\/vc_column_text][vc_separator type=&#8221;transparent&#8221; up=&#8221;16&#8243; down=&#8221;0&#8243;][vc_column_text]<a href=\"https:\/\/clarisas.cat\/wp-content\/uploads\/2019\/08\/II-CARTA-DE-SANTA-CLARA-A-SANTA-AGNES-DE-BOH\u00c8MIA.doc\">II CARTA DE SANTA CLARA A SANTA AGNES DE BOH\u00c8MIA<\/a>[\/vc_column_text][vc_separator type=&#8221;transparent&#8221; up=&#8221;16&#8243; down=&#8221;0&#8243;][vc_column_text]<a href=\"https:\/\/clarisas.cat\/wp-content\/uploads\/2019\/08\/III-CARTA-DE-SANTA-CLARA-A-SANTA-AGN\u00c8S-DE-BOH\u00c8MIA.doc\">III CARTA DE SANTA CLARA A SANTA AGN\u00c8S DE BOH\u00c8MIA<\/a>[\/vc_column_text][vc_separator type=&#8221;transparent&#8221; up=&#8221;16&#8243; down=&#8221;0&#8243;][vc_column_text]<a href=\"https:\/\/clarisas.cat\/wp-content\/uploads\/2019\/08\/IV-CARTA-DE-SANTA-CLARA-A-\u00c0GNES-DE-BOH\u00c8MIA.doc\">IV CARTA DE SANTA CLARA A \u00c0GNES DE BOH\u00c8MIA<\/a>[\/vc_column_text][\/vc_column][vc_column width=&#8221;1\/2&#8243;][vc_separator type=&#8221;transparent&#8221; up=&#8221;16&#8243; down=&#8221;0&#8243;][vc_single_image image=&#8221;15955&#8243; img_size=&#8221;full&#8221; alignment=&#8221;center&#8221; qode_css_animation=&#8221;&#8221;][vc_separator type=&#8221;transparent&#8221; up=&#8221;16&#8243; down=&#8221;0&#8243;][vc_column_text]<\/p>\n<h2 style=\"text-align: center;\">ESCRITS<\/h2>\n<h2 style=\"text-align: center;\">Sant Francesc<\/h2>\n<p>[\/vc_column_text][vc_column_text]<\/p>\n<p style=\"text-align: center;\"><strong>Els analistes de la hist\u00f2ria de l&#8217;Esgl\u00e9sia reconeixen que sant Francesc d&#8217;Ass\u00eds (1182-1226) \u00e9s una figura de projecci\u00f3 universal. Pocs personatges de l&#8217;Edat Mitjana gaudeixen com Francesc d&#8217;una informaci\u00f3 escrita contempor\u00e0nia tan cabdal i abundant. I quelcom de semblant podem afirmar de santa Clara d&#8217;Ass\u00eds, la fidel seguidora dels ideals evang\u00e8lics del Pobriss\u00f3.<\/strong><\/p>\n<p><strong>Fins ara no dispos\u00e0vem d&#8217;aquest textos informatitzats en catal\u00e0. Pot a poc els anirem col\u00b7locant en aquesta secci\u00f3 de la web. Els textos som els que trobem en &#8220;Les fonts Franciscanes&#8221; tradu\u00efdes al catal\u00e0 pel Pare Francesc Gamissans, ofm.<\/strong><\/p>\n<p>[\/vc_column_text][vc_separator type=&#8221;transparent&#8221; up=&#8221;16&#8243; down=&#8221;0&#8243;][vc_separator type=&#8221;transparent&#8221; up=&#8221;16&#8243; down=&#8221;0&#8243;][vc_column_text]<a href=\"https:\/\/clarisas.cat\/wp-content\/uploads\/2019\/08\/ADMONICIONS-DE-SANT-FRANCESC-D.doc\">ADMONICIONS DE SANT FRANCESC\u00a0<\/a>[\/vc_column_text][vc_separator type=&#8221;transparent&#8221; up=&#8221;16&#8243; down=&#8221;0&#8243;][vc_column_text]<a href=\"https:\/\/clarisas.cat\/wp-content\/uploads\/2019\/08\/REGLA-NO-BULADA-DE-SANT-FRANCESC-DASS\u00cdS.doc\">REGLA NO BULADA DE SANT FRANCESC D&#8217;ASS\u00cdS<\/a>[\/vc_column_text][vc_separator type=&#8221;transparent&#8221; up=&#8221;16&#8243; down=&#8221;0&#8243;][\/vc_column][\/vc_row][vc_row css_animation=&#8221;&#8221; row_type=&#8221;row&#8221; use_row_as_full_screen_section=&#8221;no&#8221; type=&#8221;grid&#8221; angled_section=&#8221;no&#8221; text_align=&#8221;left&#8221; background_image_as_pattern=&#8221;without_pattern&#8221; padding_top=&#8221;70&#8243; padding_bottom=&#8221;60&#8243; background_image=&#8221;15320&#8243;][vc_column offset=&#8221;vc_col-lg-offset-1 vc_col-lg-10 vc_col-md-offset-1 vc_col-md-10 vc_col-xs-12&#8243;][vc_single_image image=&#8221;15667&#8243; img_size=&#8221;full&#8221; alignment=&#8221;center&#8221; qode_css_animation=&#8221;&#8221;][vc_column_text]<\/p>\n<h2 style=\"text-align: center;\"><span style=\"color: #ffff00;\">PAU I B\u00c9\u00a0 PER A TOTHOM!<\/span><\/h2>\n<p>[\/vc_column_text][\/vc_column][\/vc_row]<\/p>\n","protected":false},"excerpt":{"rendered":"<p>[vc_row css_animation=&#8221;&#8221; row_type=&#8221;row&#8221; use_row_as_full_screen_section=&#8221;no&#8221; type=&#8221;grid&#8221; angled_section=&#8221;no&#8221; text_align=&#8221;left&#8221; background_image_as_pattern=&#8221;without_pattern&#8221; padding_top=&#8221;70&#8243; padding_bottom=&#8221;60&#8243;][vc_column offset=&#8221;vc_col-xs-12&#8243;][vc_single_image image=&#8221;15817&#8243; img_size=&#8221;full&#8221; alignment=&#8221;center&#8221; qode_css_animation=&#8221;&#8221;][vc_separator type=&#8221;transparent&#8221; up=&#8221;16&#8243; down=&#8221;0&#8243;][vc_column_text] Qui som? Qu\u00e8 fem? [\/vc_column_text][vc_separator type=&#8221;transparent&#8221; up=&#8221;10&#8243; down=&#8221;0&#8243;][vc_separator type=&#8221;transparent&#8221; up=&#8221;10&#8243; down=&#8221;0&#8243;][vc_column_text] \u00a0\u201dUna part de les dones que integren la vida consagrada i que viuen una forma de&#8230;<\/p>\n","protected":false},"author":2,"featured_media":16344,"parent":0,"menu_order":0,"comment_status":"open","ping_status":"closed","template":"full_width.php","meta":[],"yoast_head":"<!-- This site is optimized with the Yoast SEO plugin v17.6 - https:\/\/yoast.com\/wordpress\/plugins\/seo\/ -->\n<title>Com viuen les Germanes Pobres: estil de vida contemplativa a Girona\/qui som? Qu\u00e8 fem?<\/title>\n<meta name=\"description\" content=\"Preg\u00e0ria, formaci\u00f3 i treball a la Fraternitat de Clarisses de Vilob\u00ed d&#039;Onyar - Girona: vida contemplativa seguint les passes de Santa Clara d\u2019Ass\u00eds.\" \/>\n<meta name=\"robots\" content=\"index, follow, max-snippet:-1, max-image-preview:large, max-video-preview:-1\" \/>\n<link rel=\"canonical\" href=\"https:\/\/clarisas.cat\/ca\/fraternitat-santa-clara-girona\/\" \/>\n<meta property=\"og:locale\" content=\"ca_ES\" \/>\n<meta property=\"og:type\" content=\"article\" \/>\n<meta property=\"og:title\" content=\"Com viuen les Germanes Pobres: estil de vida contemplativa a Girona\/qui som? Qu\u00e8 fem?\" \/>\n<meta property=\"og:description\" content=\"Preg\u00e0ria, formaci\u00f3 i treball a la Fraternitat de Clarisses de Vilob\u00ed d&#039;Onyar - Girona: vida contemplativa seguint les passes de Santa Clara d\u2019Ass\u00eds.\" \/>\n<meta property=\"og:url\" content=\"https:\/\/clarisas.cat\/ca\/fraternitat-santa-clara-girona\/\" \/>\n<meta property=\"og:site_name\" content=\"Fraternitat de Clarisses de Vilob\u00ed d\u2019Onyar - Girona | Hostatgeria\" \/>\n<meta property=\"article:publisher\" content=\"https:\/\/www.facebook.com\/claradassis.fraternitatgirona\" \/>\n<meta property=\"article:modified_time\" content=\"2019-10-22T15:11:41+00:00\" \/>\n<meta property=\"og:image\" content=\"https:\/\/clarisas.cat\/wp-content\/uploads\/2019\/08\/destacada-identidad.jpg\" \/>\n\t<meta property=\"og:image:width\" content=\"3060\" \/>\n\t<meta property=\"og:image:height\" content=\"2034\" \/>\n<meta name=\"twitter:card\" content=\"summary_large_image\" \/>\n<meta name=\"twitter:site\" content=\"@clarisasvilobi\" \/>\n<meta name=\"twitter:label1\" content=\"Temps estimat de lectura\" \/>\n\t<meta name=\"twitter:data1\" content=\"8 minuts\" \/>\n<script type=\"application\/ld+json\" class=\"yoast-schema-graph\">{\"@context\":\"https:\/\/schema.org\",\"@graph\":[{\"@type\":\"WebSite\",\"@id\":\"https:\/\/clarisas.cat\/ca\/#website\",\"url\":\"https:\/\/clarisas.cat\/ca\/\",\"name\":\"Fraternitat de Clarisses de Vilob\\u00ed d\\u2019Onyar - Girona | Hostatgeria\",\"description\":\"Les Clarisses de Girona desitgem compartir la riquesa i joia de viure, des de la fraternitat i la preg\\u00e0ria. Obert a tothom que vulgui compartir la preg\\u00e0ria.\",\"potentialAction\":[{\"@type\":\"SearchAction\",\"target\":{\"@type\":\"EntryPoint\",\"urlTemplate\":\"https:\/\/clarisas.cat\/ca\/?s={search_term_string}\"},\"query-input\":\"required name=search_term_string\"}],\"inLanguage\":\"ca\"},{\"@type\":\"ImageObject\",\"@id\":\"https:\/\/clarisas.cat\/ca\/fraternitat-santa-clara-girona\/#primaryimage\",\"inLanguage\":\"ca\",\"url\":\"https:\/\/clarisas.cat\/wp-content\/uploads\/2019\/08\/destacada-identidad.jpg\",\"contentUrl\":\"https:\/\/clarisas.cat\/wp-content\/uploads\/2019\/08\/destacada-identidad.jpg\",\"width\":3060,\"height\":2034,\"caption\":\"contemplaci\\u00f3 i preg\\u00e0ria\"},{\"@type\":\"WebPage\",\"@id\":\"https:\/\/clarisas.cat\/ca\/fraternitat-santa-clara-girona\/#webpage\",\"url\":\"https:\/\/clarisas.cat\/ca\/fraternitat-santa-clara-girona\/\",\"name\":\"Com viuen les Germanes Pobres: estil de vida contemplativa a Girona\/qui som? Qu\\u00e8 fem?\",\"isPartOf\":{\"@id\":\"https:\/\/clarisas.cat\/ca\/#website\"},\"primaryImageOfPage\":{\"@id\":\"https:\/\/clarisas.cat\/ca\/fraternitat-santa-clara-girona\/#primaryimage\"},\"datePublished\":\"2015-04-27T07:12:26+00:00\",\"dateModified\":\"2019-10-22T15:11:41+00:00\",\"description\":\"Preg\\u00e0ria, formaci\\u00f3 i treball a la Fraternitat de Clarisses de Vilob\\u00ed d'Onyar - Girona: vida contemplativa seguint les passes de Santa Clara d\\u2019Ass\\u00eds.\",\"breadcrumb\":{\"@id\":\"https:\/\/clarisas.cat\/ca\/fraternitat-santa-clara-girona\/#breadcrumb\"},\"inLanguage\":\"ca\",\"potentialAction\":[{\"@type\":\"ReadAction\",\"target\":[\"https:\/\/clarisas.cat\/ca\/fraternitat-santa-clara-girona\/\"]}]},{\"@type\":\"BreadcrumbList\",\"@id\":\"https:\/\/clarisas.cat\/ca\/fraternitat-santa-clara-girona\/#breadcrumb\",\"itemListElement\":[{\"@type\":\"ListItem\",\"position\":1,\"name\":\"Inici\",\"item\":\"https:\/\/clarisas.cat\/ca\/\"},{\"@type\":\"ListItem\",\"position\":2,\"name\":\"Identitat\"}]}]}<\/script>\n<!-- \/ Yoast SEO plugin. -->","yoast_head_json":{"title":"Com viuen les Germanes Pobres: estil de vida contemplativa a Girona\/qui som? Qu\u00e8 fem?","description":"Preg\u00e0ria, formaci\u00f3 i treball a la Fraternitat de Clarisses de Vilob\u00ed d'Onyar - Girona: vida contemplativa seguint les passes de Santa Clara d\u2019Ass\u00eds.","robots":{"index":"index","follow":"follow","max-snippet":"max-snippet:-1","max-image-preview":"max-image-preview:large","max-video-preview":"max-video-preview:-1"},"canonical":"https:\/\/clarisas.cat\/ca\/fraternitat-santa-clara-girona\/","og_locale":"ca_ES","og_type":"article","og_title":"Com viuen les Germanes Pobres: estil de vida contemplativa a Girona\/qui som? Qu\u00e8 fem?","og_description":"Preg\u00e0ria, formaci\u00f3 i treball a la Fraternitat de Clarisses de Vilob\u00ed d'Onyar - Girona: vida contemplativa seguint les passes de Santa Clara d\u2019Ass\u00eds.","og_url":"https:\/\/clarisas.cat\/ca\/fraternitat-santa-clara-girona\/","og_site_name":"Fraternitat de Clarisses de Vilob\u00ed d\u2019Onyar - Girona | Hostatgeria","article_publisher":"https:\/\/www.facebook.com\/claradassis.fraternitatgirona","article_modified_time":"2019-10-22T15:11:41+00:00","og_image":[{"width":3060,"height":2034,"url":"https:\/\/clarisas.cat\/wp-content\/uploads\/2019\/08\/destacada-identidad.jpg","type":"image\/jpeg"}],"twitter_card":"summary_large_image","twitter_site":"@clarisasvilobi","twitter_misc":{"Temps estimat de lectura":"8 minuts"},"schema":{"@context":"https:\/\/schema.org","@graph":[{"@type":"WebSite","@id":"https:\/\/clarisas.cat\/ca\/#website","url":"https:\/\/clarisas.cat\/ca\/","name":"Fraternitat de Clarisses de Vilob\u00ed d\u2019Onyar - Girona | Hostatgeria","description":"Les Clarisses de Girona desitgem compartir la riquesa i joia de viure, des de la fraternitat i la preg\u00e0ria. Obert a tothom que vulgui compartir la preg\u00e0ria.","potentialAction":[{"@type":"SearchAction","target":{"@type":"EntryPoint","urlTemplate":"https:\/\/clarisas.cat\/ca\/?s={search_term_string}"},"query-input":"required name=search_term_string"}],"inLanguage":"ca"},{"@type":"ImageObject","@id":"https:\/\/clarisas.cat\/ca\/fraternitat-santa-clara-girona\/#primaryimage","inLanguage":"ca","url":"https:\/\/clarisas.cat\/wp-content\/uploads\/2019\/08\/destacada-identidad.jpg","contentUrl":"https:\/\/clarisas.cat\/wp-content\/uploads\/2019\/08\/destacada-identidad.jpg","width":3060,"height":2034,"caption":"contemplaci\u00f3 i preg\u00e0ria"},{"@type":"WebPage","@id":"https:\/\/clarisas.cat\/ca\/fraternitat-santa-clara-girona\/#webpage","url":"https:\/\/clarisas.cat\/ca\/fraternitat-santa-clara-girona\/","name":"Com viuen les Germanes Pobres: estil de vida contemplativa a Girona\/qui som? Qu\u00e8 fem?","isPartOf":{"@id":"https:\/\/clarisas.cat\/ca\/#website"},"primaryImageOfPage":{"@id":"https:\/\/clarisas.cat\/ca\/fraternitat-santa-clara-girona\/#primaryimage"},"datePublished":"2015-04-27T07:12:26+00:00","dateModified":"2019-10-22T15:11:41+00:00","description":"Preg\u00e0ria, formaci\u00f3 i treball a la Fraternitat de Clarisses de Vilob\u00ed d'Onyar - Girona: vida contemplativa seguint les passes de Santa Clara d\u2019Ass\u00eds.","breadcrumb":{"@id":"https:\/\/clarisas.cat\/ca\/fraternitat-santa-clara-girona\/#breadcrumb"},"inLanguage":"ca","potentialAction":[{"@type":"ReadAction","target":["https:\/\/clarisas.cat\/ca\/fraternitat-santa-clara-girona\/"]}]},{"@type":"BreadcrumbList","@id":"https:\/\/clarisas.cat\/ca\/fraternitat-santa-clara-girona\/#breadcrumb","itemListElement":[{"@type":"ListItem","position":1,"name":"Inici","item":"https:\/\/clarisas.cat\/ca\/"},{"@type":"ListItem","position":2,"name":"Identitat"}]}]}},"_links":{"self":[{"href":"https:\/\/clarisas.cat\/ca\/wp-json\/wp\/v2\/pages\/15340"}],"collection":[{"href":"https:\/\/clarisas.cat\/ca\/wp-json\/wp\/v2\/pages"}],"about":[{"href":"https:\/\/clarisas.cat\/ca\/wp-json\/wp\/v2\/types\/page"}],"author":[{"embeddable":true,"href":"https:\/\/clarisas.cat\/ca\/wp-json\/wp\/v2\/users\/2"}],"replies":[{"embeddable":true,"href":"https:\/\/clarisas.cat\/ca\/wp-json\/wp\/v2\/comments?post=15340"}],"version-history":[{"count":97,"href":"https:\/\/clarisas.cat\/ca\/wp-json\/wp\/v2\/pages\/15340\/revisions"}],"predecessor-version":[{"id":17421,"href":"https:\/\/clarisas.cat\/ca\/wp-json\/wp\/v2\/pages\/15340\/revisions\/17421"}],"wp:featuredmedia":[{"embeddable":true,"href":"https:\/\/clarisas.cat\/ca\/wp-json\/wp\/v2\/media\/16344"}],"wp:attachment":[{"href":"https:\/\/clarisas.cat\/ca\/wp-json\/wp\/v2\/media?parent=15340"}],"curies":[{"name":"wp","href":"https:\/\/api.w.org\/{rel}","templated":true}]}}