{"id":15486,"date":"2019-07-19T13:49:13","date_gmt":"2019-07-19T11:49:13","guid":{"rendered":"https:\/\/clarisas.cat\/?page_id=15486"},"modified":"2021-11-23T15:28:46","modified_gmt":"2021-11-23T14:28:46","slug":"hostatgeria-acollida-santa-clara-girona","status":"publish","type":"page","link":"https:\/\/clarisas.cat\/ca\/hostatgeria-acollida-santa-clara-girona\/","title":{"rendered":"Acollida i acompanyament"},"content":{"rendered":"<p>[vc_row css_animation=&#8221;&#8221; row_type=&#8221;row&#8221; use_row_as_full_screen_section=&#8221;no&#8221; type=&#8221;grid&#8221; angled_section=&#8221;no&#8221; text_align=&#8221;left&#8221; background_image_as_pattern=&#8221;without_pattern&#8221; padding_top=&#8221;70&#8243; padding_bottom=&#8221;60&#8243;][vc_column offset=&#8221;vc_col-xs-12&#8243;][vc_single_image image=&#8221;16169&#8243; img_size=&#8221;full&#8221; alignment=&#8221;center&#8221; qode_css_animation=&#8221;&#8221;][vc_separator type=&#8221;transparent&#8221; up=&#8221;16&#8243; down=&#8221;0&#8243;][vc_column_text]<\/p>\n<h2 style=\"text-align: center;\">Qu\u00e8 trobar\u00e0s, a casa nostra?<\/h2>\n<p>[\/vc_column_text][vc_separator type=&#8221;transparent&#8221; up=&#8221;10&#8243; down=&#8221;0&#8243;][vc_column_text]<\/p>\n<h4 style=\"text-align: center;\">Un lloc de silenci, de reflexi\u00f3, d&#8217;oraci\u00f3.<\/h4>\n<h4 style=\"text-align: center;\">Un espai per trobar-se personalment, i per poder escoltar i interioritzar l&#8217;experi\u00e8ncia personal del Senyor Jes\u00fas.<\/h4>\n<p>[\/vc_column_text][\/vc_column][\/vc_row][vc_row css_animation=&#8221;&#8221; row_type=&#8221;row&#8221; use_row_as_full_screen_section=&#8221;no&#8221; type=&#8221;grid&#8221; angled_section=&#8221;no&#8221; text_align=&#8221;left&#8221; background_image_as_pattern=&#8221;without_pattern&#8221; padding_bottom=&#8221;37&#8243;][vc_column width=&#8221;1\/2&#8243;][vc_separator type=&#8221;transparent&#8221; up=&#8221;2&#8243; down=&#8221;0&#8243;][vc_column_text]<\/p>\n<h5>ACOLLIDA<\/h5>\n<p>[\/vc_column_text][vc_separator type=&#8221;transparent&#8221; up=&#8221;16&#8243; down=&#8221;0&#8243;][vc_column_text]La nostra Fraternitat de Germanes de Santa Clara us ofereix, en plena natura, una acollida german\u00edvola, responent a l\u2019exhortaci\u00f3 del Concili Provincial Tarraconense, n\u00famero 19: \u00abCom a suport a les tasques evangelitzadores i ja que en el m\u00f3n actual calen, m\u00e9s que mai, espais de silenci i d\u2019interioritzaci\u00f3 sostinguts per petites comunitats d\u2019oraci\u00f3, per afavorir l\u2019experi\u00e8ncia de D\u00e9u, l\u2019anunci de l\u2019Evangeli i el seguiment de Jesucrist.\u00bb<\/p>\n<p>&nbsp;<\/p>\n<p>Oferim: <a href=\"https:\/\/clarisas.cat\/wp-content\/uploads\/2019\/07\/horari-pregaria-per-la-hostatgeria60.pdf\" target=\"_blank\" rel=\"noopener noreferrer\">participaci\u00f3 en la preg\u00e0ria<\/a>.<br \/>\nAcompanyament.<\/p>\n<p>&nbsp;<\/p>\n<p>Acollim.: persones o grups que cerquin l\u2019experi\u00e8ncia de D\u00e9u.[\/vc_column_text][vc_separator type=&#8221;transparent&#8221; up=&#8221;50&#8243; down=&#8221;0&#8243;][vc_column_text]<\/p>\n<h5>IMPORTANT<\/h5>\n<p>[\/vc_column_text][vc_column_text]Tenint present les mesures preventives i de control del virus \u201cSars 2 covid 19\u201d adoptades per les autoritats sanit\u00e0ries, us informem que:<\/p>\n<ul>\n<li>L\u2019hostatgeria restar\u00e0 a la vostra disposici\u00f3, amb places molt limitades, a partir del mes setembre .<\/li>\n<li>Durant el curs 2020-21 limitarem l\u2019estada a grups que seves trobades siguin d\u2019un dia.<\/li>\n<li>No es podr\u00e0 pernoctar.<\/li>\n<li>Cal tenir en compte el protocol establert pels responsables sanitaris: Mascareta, dist\u00e0ncia social i desinfecci\u00f3 de mans.<\/li>\n<li>Gr\u00e0cies per la vostra comprensi\u00f3.<\/li>\n<\/ul>\n<p>[\/vc_column_text][vc_separator type=&#8221;transparent&#8221; up=&#8221;50&#8243; down=&#8221;0&#8243;][\/vc_column][vc_column width=&#8221;1\/2&#8243;][vc_separator type=&#8221;transparent&#8221; up=&#8221;7&#8243; down=&#8221;0&#8243;][vc_single_image image=&#8221;15974&#8243; img_size=&#8221;full&#8221; alignment=&#8221;center&#8221; qode_css_animation=&#8221;element_from_fade&#8221; transition_delay=&#8221;0.4&#8243;][vc_separator type=&#8221;transparent&#8221; up=&#8221;50&#8243; down=&#8221;0&#8243;][\/vc_column][\/vc_row][vc_row css_animation=&#8221;&#8221; row_type=&#8221;row&#8221; use_row_as_full_screen_section=&#8221;no&#8221; type=&#8221;grid&#8221; angled_section=&#8221;no&#8221; text_align=&#8221;left&#8221; background_image_as_pattern=&#8221;without_pattern&#8221; padding_bottom=&#8221;37&#8243;][vc_column width=&#8221;1\/2&#8243;][vc_separator type=&#8221;transparent&#8221; up=&#8221;2&#8243; down=&#8221;0&#8243;][vc_column_text]<\/p>\n<h5>HOSTATGERIA<\/h5>\n<p>[\/vc_column_text][vc_separator type=&#8221;transparent&#8221; up=&#8221;16&#8243; down=&#8221;0&#8243;][vc_column_text]Seguint l&#8217;espiritualitat franciscana d&#8217;acollida i fraternitat, el nostre convent disposa d&#8217;una senzilla i \u00e0mplia hostatgeria per a totes aquelles persones o grups que, duts d&#8217;una sincera inquietud espiritual, cerquin uns dies de pau, silenci i preg\u00e0ria.<\/p>\n<p>&nbsp;<\/p>\n<p>L&#8217;estada en l&#8217;hostatgeria pot organitzar-se, depenent de les necessitats de cada hoste, o grup.<\/p>\n<p>&nbsp;<\/p>\n<p>Acollim \u00e0dhuc aquelles persones que volen discernir el seu cam\u00ed vocacional i que s&#8217;interessen per con\u00e8ixer el nostre estil de vida claustral-contemplativa.[\/vc_column_text][vc_separator type=&#8221;transparent&#8221; up=&#8221;50&#8243; down=&#8221;0&#8243;][\/vc_column][vc_column width=&#8221;1\/2&#8243;][vc_separator type=&#8221;transparent&#8221; up=&#8221;7&#8243; down=&#8221;0&#8243;][vc_single_image image=&#8221;16357&#8243; img_size=&#8221;full&#8221; alignment=&#8221;center&#8221; qode_css_animation=&#8221;element_from_fade&#8221; transition_delay=&#8221;0.4&#8243;][vc_separator type=&#8221;transparent&#8221; up=&#8221;50&#8243; down=&#8221;0&#8243;][\/vc_column][\/vc_row][vc_row css_animation=&#8221;&#8221; row_type=&#8221;row&#8221; use_row_as_full_screen_section=&#8221;no&#8221; type=&#8221;grid&#8221; angled_section=&#8221;no&#8221; text_align=&#8221;left&#8221; background_image_as_pattern=&#8221;without_pattern&#8221; padding_bottom=&#8221;21&#8243;][vc_column][vc_row_inner row_type=&#8221;row&#8221; type=&#8221;full_width&#8221; text_align=&#8221;left&#8221; css_animation=&#8221;&#8221;][vc_column_inner width=&#8221;1\/3&#8243;][vc_separator type=&#8221;transparent&#8221; up=&#8221;28&#8243; down=&#8221;0&#8243;][vc_column_text]<\/p>\n<h5 style=\"text-align: center;\">Espais<\/h5>\n<p>[\/vc_column_text][vc_separator type=&#8221;transparent&#8221; up=&#8221;10&#8243; down=&#8221;0&#8243;][vc_column_text]<\/p>\n<p style=\"text-align: center;\"><span style=\"color: #000000;\">L\u2019hostatgeria t\u00e9 5 habitacions, 3 amb lliteres i dues individuals;<\/span><br \/>\n<span style=\"color: #000000;\">cuina, sala de reunions i oratori.<\/span><br \/>\n<span style=\"color: #000000;\">Hi ha calefacci\u00f3. Acc\u00e9s a Wifi<\/span><br \/>\n<span style=\"color: #000000;\">Per passejar, es pot gaudir del magn\u00edfic entorn natural que envolta el nostre convent.<\/span><\/p>\n<p>[\/vc_column_text][vc_separator type=&#8221;transparent&#8221; up=&#8221;66&#8243; down=&#8221;0&#8243;][\/vc_column_inner][vc_column_inner width=&#8221;1\/3&#8243;][vc_separator type=&#8221;transparent&#8221; up=&#8221;28&#8243; down=&#8221;0&#8243;][vc_column_text]<\/p>\n<h5 style=\"text-align: center;\">Ritme de vida<\/h5>\n<p>[\/vc_column_text][vc_separator type=&#8221;transparent&#8221; up=&#8221;10&#8243; down=&#8221;0&#8243;][vc_column_text]<\/p>\n<p style=\"text-align: center;\"><span style=\"color: #000000;\">El ritme b\u00e0sic est\u00e0 marcat per l&#8217;horari dels menjars i el respecte al silenci del lloc que hem de salvaguardar entre els qui hi vivim. No hi ha d&#8217;altres obligacions. \u00c9s lliure, encara que recomanem, l&#8217;assist\u00e8ncia a la preg\u00e0ria lit\u00fargica de les Germanes.<\/span><\/p>\n<p>[\/vc_column_text][vc_separator type=&#8221;transparent&#8221; up=&#8221;66&#8243; down=&#8221;0&#8243;][\/vc_column_inner][vc_column_inner width=&#8221;1\/3&#8243;][vc_separator type=&#8221;transparent&#8221; up=&#8221;28&#8243; down=&#8221;0&#8243;][vc_column_text]<\/p>\n<h5 style=\"text-align: center;\">Finalitat<\/h5>\n<p>[\/vc_column_text][vc_separator type=&#8221;transparent&#8221; up=&#8221;10&#8243; down=&#8221;0&#8243;][vc_column_text]<\/p>\n<p style=\"text-align: center;\"><span style=\"color: #000000;\">Volem oferir un lloc apte per al silenci, la reflexi\u00f3, l&#8217;oraci\u00f3. Aix\u00ed les persones que v\u00e9nen a passar uns dies amb nosaltres, poden tenir la possibilitat de trobar-se amb si mateixes i amb el Senyor Jes\u00fas. Es tracta d&#8217;una experi\u00e8ncia espiritual.<\/span><\/p>\n<p>[\/vc_column_text][vc_separator type=&#8221;transparent&#8221; up=&#8221;66&#8243; down=&#8221;0&#8243;][\/vc_column_inner][\/vc_row_inner][\/vc_column][\/vc_row][vc_row css_animation=&#8221;&#8221; row_type=&#8221;row&#8221; use_row_as_full_screen_section=&#8221;no&#8221; type=&#8221;grid&#8221; angled_section=&#8221;no&#8221; text_align=&#8221;left&#8221; background_image_as_pattern=&#8221;without_pattern&#8221; padding_bottom=&#8221;37&#8243;][vc_column width=&#8221;1\/2&#8243;][vc_separator type=&#8221;transparent&#8221; up=&#8221;2&#8243; down=&#8221;0&#8243;][vc_column_text]<span style=\"color: #000000;\"><strong>La nostra hostatgeria no \u00e9s un hotel, ni tampoc una casa de col\u00f2nies&#8230; \u00e9s un lloc a on es busca D\u00e9u&#8230;<\/strong><\/span><\/p>\n<p>&nbsp;<\/p>\n<p><span style=\"color: #000000;\">Les Germanes no prediquem&#8230; per\u00f2 s\u00ed compartim el nostre temps si aix\u00ed ens ho demana alguna persona, sempre per a intentar cr\u00e9ixer espiritualment.<\/span><\/p>\n<p>&nbsp;<\/p>\n<p><span style=\"color: #000000;\">Per contactar o demanar m\u00e9s informaci\u00f3 adreceu-vos a nosaltres mitjan\u00e7ant el correo electr\u00f2nic o el tel\u00e8fon.<\/span><\/p>\n<p>&nbsp;<\/p>\n<p><span style=\"color: #000000;\">Fraternidad Santa Clara<\/span><br \/>\n<span style=\"color: #000000;\">Tel. 972 474 276<\/span><\/p>\n<p><span style=\"color: #000000;\">info@clarisas.cat<\/span>[\/vc_column_text][vc_separator type=&#8221;transparent&#8221; up=&#8221;50&#8243; down=&#8221;0&#8243;][\/vc_column][vc_column width=&#8221;1\/2&#8243;]<div class=\"qode-advanced-image-gallery  qode-aig-grid-type qode-small-space  qode-image-behavior-lightbox \">\n\t<div class=\"qode-aig-inner qode-outer-space qode-aig-grid qode-aig-two-columns\">\n\t\t\t\t\t<div class=\"qode-aig-image qode-item-space\">\n\t\t\t\t<div class=\"qode-aig-image-inner\">\n\t\t\t\t\t\t\t\t\t\t\t<a itemprop=\"image\" class=\"qode-aig-lightbox\" href=\"https:\/\/clarisas.cat\/wp-content\/uploads\/2019\/08\/IMG_1702.jpg\" data-rel=\"prettyPhoto[image_gallery_pretty_photo-687]\" title=\"IMG_1702\">\n\t\t\t\t\t\t\t\t\t\t\t<img width=\"150\" height=\"150\" src=\"https:\/\/clarisas.cat\/wp-content\/uploads\/2019\/08\/IMG_1702-150x150.jpg\" class=\"attachment-thumbnail size-thumbnail\" alt=\"\" srcset=\"https:\/\/clarisas.cat\/wp-content\/uploads\/2019\/08\/IMG_1702-150x150.jpg 150w, https:\/\/clarisas.cat\/wp-content\/uploads\/2019\/08\/IMG_1702-570x570.jpg 570w, https:\/\/clarisas.cat\/wp-content\/uploads\/2019\/08\/IMG_1702-500x500.jpg 500w, https:\/\/clarisas.cat\/wp-content\/uploads\/2019\/08\/IMG_1702-1000x1000.jpg 1000w\" sizes=\"(max-width: 150px) 100vw, 150px\" \/>\t\t\t\t\t\t<span class=\"aig-gallery-hover\">\n\t\t\t\t\t\t\t\t\t\t\t\t\t<\/span>\n\t\t\t\t\t\t\t\t\t\t\t<\/a>\n\t\t\t\t\t\t\t\t\t<\/div>\n\t\t\t<\/div>\n\t\t\t\t\t<div class=\"qode-aig-image qode-item-space\">\n\t\t\t\t<div class=\"qode-aig-image-inner\">\n\t\t\t\t\t\t\t\t\t\t\t<a itemprop=\"image\" class=\"qode-aig-lightbox\" href=\"https:\/\/clarisas.cat\/wp-content\/uploads\/2019\/08\/IMG_1707.jpg\" data-rel=\"prettyPhoto[image_gallery_pretty_photo-687]\" title=\"IMG_1707\">\n\t\t\t\t\t\t\t\t\t\t\t<img width=\"150\" height=\"150\" src=\"https:\/\/clarisas.cat\/wp-content\/uploads\/2019\/08\/IMG_1707-150x150.jpg\" class=\"attachment-thumbnail size-thumbnail\" alt=\"\" srcset=\"https:\/\/clarisas.cat\/wp-content\/uploads\/2019\/08\/IMG_1707-150x150.jpg 150w, https:\/\/clarisas.cat\/wp-content\/uploads\/2019\/08\/IMG_1707-570x570.jpg 570w, https:\/\/clarisas.cat\/wp-content\/uploads\/2019\/08\/IMG_1707-500x500.jpg 500w, https:\/\/clarisas.cat\/wp-content\/uploads\/2019\/08\/IMG_1707-1000x1000.jpg 1000w\" sizes=\"(max-width: 150px) 100vw, 150px\" \/>\t\t\t\t\t\t<span class=\"aig-gallery-hover\">\n\t\t\t\t\t\t\t\t\t\t\t\t\t<\/span>\n\t\t\t\t\t\t\t\t\t\t\t<\/a>\n\t\t\t\t\t\t\t\t\t<\/div>\n\t\t\t<\/div>\n\t\t\t\t\t<div class=\"qode-aig-image qode-item-space\">\n\t\t\t\t<div class=\"qode-aig-image-inner\">\n\t\t\t\t\t\t\t\t\t\t\t<a itemprop=\"image\" class=\"qode-aig-lightbox\" href=\"https:\/\/clarisas.cat\/wp-content\/uploads\/2019\/08\/IMG_1712.jpg\" data-rel=\"prettyPhoto[image_gallery_pretty_photo-687]\" title=\"IMG_1712\">\n\t\t\t\t\t\t\t\t\t\t\t<img width=\"150\" height=\"150\" src=\"https:\/\/clarisas.cat\/wp-content\/uploads\/2019\/08\/IMG_1712-150x150.jpg\" class=\"attachment-thumbnail size-thumbnail\" alt=\"\" srcset=\"https:\/\/clarisas.cat\/wp-content\/uploads\/2019\/08\/IMG_1712-150x150.jpg 150w, https:\/\/clarisas.cat\/wp-content\/uploads\/2019\/08\/IMG_1712-570x570.jpg 570w, https:\/\/clarisas.cat\/wp-content\/uploads\/2019\/08\/IMG_1712-500x500.jpg 500w, https:\/\/clarisas.cat\/wp-content\/uploads\/2019\/08\/IMG_1712-1000x1000.jpg 1000w\" sizes=\"(max-width: 150px) 100vw, 150px\" \/>\t\t\t\t\t\t<span class=\"aig-gallery-hover\">\n\t\t\t\t\t\t\t\t\t\t\t\t\t<\/span>\n\t\t\t\t\t\t\t\t\t\t\t<\/a>\n\t\t\t\t\t\t\t\t\t<\/div>\n\t\t\t<\/div>\n\t\t\t\t\t<div class=\"qode-aig-image qode-item-space\">\n\t\t\t\t<div class=\"qode-aig-image-inner\">\n\t\t\t\t\t\t\t\t\t\t\t<a itemprop=\"image\" class=\"qode-aig-lightbox\" href=\"https:\/\/clarisas.cat\/wp-content\/uploads\/2019\/08\/IMG_1637.jpg\" data-rel=\"prettyPhoto[image_gallery_pretty_photo-687]\" title=\"IMG_1637\">\n\t\t\t\t\t\t\t\t\t\t\t<img width=\"150\" height=\"150\" src=\"https:\/\/clarisas.cat\/wp-content\/uploads\/2019\/08\/IMG_1637-150x150.jpg\" class=\"attachment-thumbnail size-thumbnail\" alt=\"\" srcset=\"https:\/\/clarisas.cat\/wp-content\/uploads\/2019\/08\/IMG_1637-150x150.jpg 150w, https:\/\/clarisas.cat\/wp-content\/uploads\/2019\/08\/IMG_1637-570x570.jpg 570w, https:\/\/clarisas.cat\/wp-content\/uploads\/2019\/08\/IMG_1637-500x500.jpg 500w, https:\/\/clarisas.cat\/wp-content\/uploads\/2019\/08\/IMG_1637-1000x1000.jpg 1000w\" sizes=\"(max-width: 150px) 100vw, 150px\" \/>\t\t\t\t\t\t<span class=\"aig-gallery-hover\">\n\t\t\t\t\t\t\t\t\t\t\t\t\t<\/span>\n\t\t\t\t\t\t\t\t\t\t\t<\/a>\n\t\t\t\t\t\t\t\t\t<\/div>\n\t\t\t<\/div>\n\t\t\t<\/div>\n<\/div>[\/vc_column][\/vc_row][vc_row css_animation=&#8221;&#8221; row_type=&#8221;row&#8221; use_row_as_full_screen_section=&#8221;no&#8221; type=&#8221;grid&#8221; angled_section=&#8221;no&#8221; text_align=&#8221;left&#8221; background_image_as_pattern=&#8221;without_pattern&#8221; padding_bottom=&#8221;37&#8243;][vc_column][vc_separator type=&#8221;transparent&#8221; up=&#8221;2&#8243; down=&#8221;0&#8243;][vc_separator type=&#8221;normal&#8221;][vc_separator type=&#8221;transparent&#8221; up=&#8221;50&#8243; down=&#8221;0&#8243;][\/vc_column][\/vc_row][vc_row css_animation=&#8221;&#8221; row_type=&#8221;row&#8221; use_row_as_full_screen_section=&#8221;no&#8221; type=&#8221;grid&#8221; angled_section=&#8221;no&#8221; text_align=&#8221;left&#8221; background_image_as_pattern=&#8221;without_pattern&#8221; padding_bottom=&#8221;37&#8243;][vc_column width=&#8221;1\/2&#8243;][vc_separator type=&#8221;transparent&#8221; up=&#8221;2&#8243; down=&#8221;0&#8243;][vc_column_text]<\/p>\n<h5>DISCERNIMENT<\/h5>\n<p>[\/vc_column_text][vc_separator type=&#8221;transparent&#8221; up=&#8221;16&#8243; down=&#8221;0&#8243;][vc_column_text]<span style=\"color: #000000;\"><strong>QUE ES FACI LA TEVA VOLUNTAT A LA TERRA<\/strong><\/span><\/p>\n<p>&nbsp;<\/p>\n<ul>\n<li><span style=\"color: #000000;\">La vida est\u00e0 plena de decisions, viure \u00e9s elegir. I cada decisi\u00f3 posa en joc el projecte de D\u00e9u i el b\u00e9 propi i l&#8217;ali\u00e8.<\/span><\/li>\n<li><span style=\"color: #000000;\">En cada decisi\u00f3 el cristi\u00e0\/na viu les seves opcions fonamentals a favor de D\u00e9u i del b\u00e9. No podem obrar independentment dels criteris de D\u00e9u.<\/span><\/li>\n<li><span style=\"color: #000000;\">En aquesta hora hist\u00f2rica, quan els criteris de seguretat tradicionals trontollen, l&#8217;Esgl\u00e9sia i cada grup cristi\u00e0, i cada persona cristiana, ha de tornar a demanar-se : qu\u00e8 he de fer, Senyor? Pregunta que ha de ser acompanyada d&#8217;un treball seri\u00f3s de discerniment de la seva Voluntat.<\/span><\/li>\n<li><span style=\"color: #000000;\">El discerniment \u00e9s una de les grans tasques d&#8217;avui en dia.<\/span><\/li>\n<\/ul>\n<p>&nbsp;<\/p>\n<p><span style=\"color: #000000;\">Si vols seguir Jesucrist i et sents atreta pel carisma de Santa Clara, t\u2019oferim la nostra Fraternitat per pregar en discerniment. \u00danicament es requereixen aquestes actituds espirituals fonamentals: disponibilitat, puresa i simplicitat de cor, intenci\u00f3 recta, amor.<\/span><\/p>\n<p>&nbsp;<\/p>\n<p><span style=\"color: #000000;\">Et convidem a viure amb Santa Clara d&#8217;Ass\u00eds un proc\u00e9s de reflexi\u00f3 i recerca, alhora que de confian\u00e7a i aband\u00f3, de purificaci\u00f3 i de treball.<\/span><\/p>\n<p>&nbsp;<\/p>\n<p><span style=\"color: #000000;\">Et desitgem amb Sant Pau: &#8220;que se&#8217;t concedeixi distingir quina \u00e9s la voluntat de D\u00e9u: el bo, l&#8217;agradable, el perfecte&#8221;.<\/span>[\/vc_column_text][vc_separator type=&#8221;transparent&#8221; up=&#8221;50&#8243; down=&#8221;0&#8243;][\/vc_column][vc_column width=&#8221;1\/2&#8243;][vc_separator type=&#8221;transparent&#8221; up=&#8221;7&#8243; down=&#8221;0&#8243;][vc_video link=&#8221;https:\/\/www.youtube.com\/watch?v=PEvWXrERlN4&#8243; align=&#8221;center&#8221;][vc_separator type=&#8221;transparent&#8221; up=&#8221;7&#8243; down=&#8221;0&#8243;][vc_separator type=&#8221;transparent&#8221; up=&#8221;7&#8243; down=&#8221;0&#8243;][vc_video link=&#8221;https:\/\/www.youtube.com\/watch?v=tvGF1ycfH5o&#8221; align=&#8221;center&#8221;][vc_separator type=&#8221;transparent&#8221; up=&#8221;50&#8243; down=&#8221;0&#8243;][vc_separator type=&#8221;transparent&#8221; up=&#8221;50&#8243; down=&#8221;0&#8243;][\/vc_column][\/vc_row][vc_row row_type=&#8221;parallax&#8221; parallax_content_width=&#8221;in_grid&#8221; text_align=&#8221;center&#8221; full_screen_section_height=&#8221;no&#8221; background_image=&#8221;16745&#8243;][vc_column][vc_separator type=&#8221;transparent&#8221; up=&#8221;67&#8243; down=&#8221;0&#8243;][vc_single_image image=&#8221;15667&#8243; img_size=&#8221;full&#8221; alignment=&#8221;center&#8221; qode_css_animation=&#8221;&#8221;][vc_separator type=&#8221;transparent&#8221; up=&#8221;16&#8243; down=&#8221;0&#8243;][vc_column_text]<\/p>\n<h2 style=\"text-align: center;\"><span style=\"color: #ffffff;\">Experi\u00e8ncies vocacionals<\/span><\/h2>\n<p>[\/vc_column_text][vc_separator type=&#8221;transparent&#8221; up=&#8221;10&#8243; down=&#8221;0&#8243;][vc_column_text]<\/p>\n<h4 style=\"text-align: center;\"><span style=\"color: #ccffff;\">Sabem que les experi\u00e8ncies<\/span><\/h4>\n<h4 style=\"text-align: center;\"><span style=\"color: #ccffff;\"> s&#8217;ha de fer en primera persona per\u00f2 <\/span><\/h4>\n<h4 style=\"text-align: center;\"><span style=\"color: #ccffff;\">con\u00e8ixer quin cam\u00ed han fet <\/span><\/h4>\n<h4 style=\"text-align: center;\"><span style=\"color: #ccffff;\">altres persones sempre pot ajudar&#8230;<\/span><\/h4>\n<p>[\/vc_column_text][vc_separator type=&#8221;transparent&#8221; up=&#8221;67&#8243; down=&#8221;0&#8243;][\/vc_column][\/vc_row][vc_row css_animation=&#8221;&#8221; row_type=&#8221;row&#8221; use_row_as_full_screen_section=&#8221;no&#8221; type=&#8221;grid&#8221; angled_section=&#8221;no&#8221; text_align=&#8221;center&#8221; background_image_as_pattern=&#8221;without_pattern&#8221; padding_top=&#8221;20&#8243; padding_bottom=&#8221;10&#8243; css=&#8221;.vc_custom_1563710087034{padding-top: 100px !important;}&#8221; z_index=&#8221;&#8221;][vc_column][vc_row_inner row_type=&#8221;row&#8221; type=&#8221;full_width&#8221; text_align=&#8221;left&#8221; css_animation=&#8221;&#8221;][vc_column_inner width=&#8221;1\/4&#8243;][vc_single_image image=&#8221;15984&#8243; img_size=&#8221;full&#8221; alignment=&#8221;center&#8221; qode_css_animation=&#8221;element_from_fade&#8221; transition_delay=&#8221;0.2&#8243;][vc_separator type=&#8221;transparent&#8221; up=&#8221;16&#8243; down=&#8221;0&#8243;][vc_column_text]<\/p>\n<h5 style=\"text-align: center;\">Gna Clara<\/h5>\n<p>[\/vc_column_text][vc_separator type=&#8221;transparent&#8221; up=&#8221;10&#8243; down=&#8221;0&#8243;][vc_column_text]<\/p>\n<p style=\"text-align: center;\">&#8220;Entre tots el beneficis que rebem cada dia, del Pare de les Miseric\u00f2rdies, el m\u00e9s gran \u00e9s el de la nostra vocaci\u00f3&#8221;, aquesta \u00e9s la meva experi\u00e8ncia&#8230;.<\/p>\n<p>[\/vc_column_text][vc_separator type=&#8221;transparent&#8221; up=&#8221;66&#8243; down=&#8221;0&#8243;][\/vc_column_inner][vc_column_inner width=&#8221;1\/4&#8243;][vc_single_image image=&#8221;15986&#8243; img_size=&#8221;full&#8221; alignment=&#8221;center&#8221; qode_css_animation=&#8221;element_from_fade&#8221; transition_delay=&#8221;0.4&#8243;][vc_separator type=&#8221;transparent&#8221; up=&#8221;16&#8243; down=&#8221;0&#8243;][vc_column_text]<\/p>\n<h3 style=\"text-align: center;\">Gna Rita<\/h3>\n<p>[\/vc_column_text][vc_separator type=&#8221;transparent&#8221; up=&#8221;10&#8243; down=&#8221;0&#8243;][vc_column_text]<\/p>\n<p style=\"text-align: center;\">La vida consagrada contemplativa va m\u00e9s enll\u00e0 dels sentits i de la ment. Fa veure amb altres ulls, sentir d\u2019una forma diferent, percebre el que les fredes an\u00e0lisis no aconsegueixen expressar, aix\u00f2 he descobert i visc des da fa ja m\u00e9s de vint anys.<\/p>\n<p>[\/vc_column_text][vc_separator type=&#8221;transparent&#8221; up=&#8221;66&#8243; down=&#8221;0&#8243;][\/vc_column_inner][vc_column_inner width=&#8221;1\/4&#8243;][vc_single_image image=&#8221;16663&#8243; img_size=&#8221;full&#8221; alignment=&#8221;center&#8221; qode_css_animation=&#8221;element_from_fade&#8221; transition_delay=&#8221;0.6&#8243;][vc_separator type=&#8221;transparent&#8221; up=&#8221;16&#8243; down=&#8221;0&#8243;][vc_column_text]<\/p>\n<h3 style=\"text-align: center;\">Gna Merc\u00e8<\/h3>\n<p>[\/vc_column_text][vc_separator type=&#8221;transparent&#8221; up=&#8221;16&#8243; down=&#8221;0&#8243;][vc_column_text]<\/p>\n<p style=\"text-align: center;\">Des de la meves limitacions com a\u00a0 persona i com a germana clarissa, em sento lliure i lliurada. Lliure perqu\u00e8 s\u00f3c el que he volgut i vull ser, lliurada perqu\u00e8 estimo i em sento estimada.<\/p>\n<p>[\/vc_column_text][vc_separator type=&#8221;transparent&#8221; up=&#8221;66&#8243; down=&#8221;0&#8243;][\/vc_column_inner][vc_column_inner width=&#8221;1\/4&#8243;][vc_single_image image=&#8221;16681&#8243; img_size=&#8221;full&#8221; qode_css_animation=&#8221;&#8221;][vc_separator type=&#8221;transparent&#8221; up=&#8221;16&#8243; down=&#8221;0&#8243;][vc_column_text]<\/p>\n<h3 style=\"text-align: center;\">Gna Helena<\/h3>\n<p>[\/vc_column_text][vc_separator type=&#8221;transparent&#8221; up=&#8221;16&#8243; down=&#8221;0&#8243;][vc_column_text]<\/p>\n<p style=\"text-align: center;\">M\u2019he doblegat sempre el \u201cjust i necessari\u201d per tirar endavant la meva vocaci\u00f3, per\u00f2 sempre cercant els valors essencials que, per a mi, s\u00f3n necessaris en la meva opci\u00f3 de vida: la simplicitat, l\u2019alegria, el servei, la donaci\u00f3.<\/p>\n<p>[\/vc_column_text][vc_separator type=&#8221;transparent&#8221; up=&#8221;66&#8243; down=&#8221;0&#8243;][\/vc_column_inner][\/vc_row_inner][\/vc_column][\/vc_row][vc_row css_animation=&#8221;&#8221; row_type=&#8221;row&#8221; use_row_as_full_screen_section=&#8221;no&#8221; type=&#8221;grid&#8221; angled_section=&#8221;no&#8221; text_align=&#8221;left&#8221; background_image_as_pattern=&#8221;without_pattern&#8221; padding_top=&#8221;70&#8243; padding_bottom=&#8221;60&#8243; background_image=&#8221;16776&#8243; z_index=&#8221;&#8221;][vc_column offset=&#8221;vc_col-lg-offset-1 vc_col-lg-10 vc_col-md-offset-1 vc_col-md-10 vc_col-xs-12&#8243;][vc_single_image image=&#8221;15667&#8243; img_size=&#8221;full&#8221; alignment=&#8221;center&#8221; qode_css_animation=&#8221;&#8221;][vc_separator type=&#8221;transparent&#8221; up=&#8221;16&#8243; down=&#8221;0&#8243;][vc_column_text]<\/p>\n<h2 style=\"text-align: center;\"><span style=\"color: #ccffff;\">Treballem, reflexionem per viure la vida amb una vocaci\u00f3 que ompli el cor.<\/span><\/h2>\n<p>[\/vc_column_text][vc_separator type=&#8221;transparent&#8221; up=&#8221;10&#8243; down=&#8221;0&#8243;][vc_column_text]<\/p>\n<h4 style=\"text-align: center;\"><span style=\"color: #ffffff;\">\u201cQuan acollim Crist, vivim una trobada que il\u00b7lumina l&#8217;exist\u00e8ncia, ens deslliura de la buidor, ens treu fora del nostre petit m\u00f3n i ens transforma en deixebles enamorades del Mestre\u201d<\/span><\/h4>\n<p>[\/vc_column_text][\/vc_column][\/vc_row]<\/p>\n","protected":false},"excerpt":{"rendered":"<p>[vc_row css_animation=&#8221;&#8221; row_type=&#8221;row&#8221; use_row_as_full_screen_section=&#8221;no&#8221; type=&#8221;grid&#8221; angled_section=&#8221;no&#8221; text_align=&#8221;left&#8221; background_image_as_pattern=&#8221;without_pattern&#8221; padding_top=&#8221;70&#8243; padding_bottom=&#8221;60&#8243;][vc_column offset=&#8221;vc_col-xs-12&#8243;][vc_single_image image=&#8221;16169&#8243; img_size=&#8221;full&#8221; alignment=&#8221;center&#8221; qode_css_animation=&#8221;&#8221;][vc_separator type=&#8221;transparent&#8221; up=&#8221;16&#8243; down=&#8221;0&#8243;][vc_column_text] Qu\u00e8 trobar\u00e0s, a casa nostra? [\/vc_column_text][vc_separator type=&#8221;transparent&#8221; up=&#8221;10&#8243; down=&#8221;0&#8243;][vc_column_text] Un lloc de silenci, de reflexi\u00f3, d&#8217;oraci\u00f3. Un espai per trobar-se personalment, i per poder escoltar i interioritzar&#8230;<\/p>\n","protected":false},"author":2,"featured_media":16346,"parent":0,"menu_order":0,"comment_status":"open","ping_status":"closed","template":"full_width.php","meta":[],"yoast_head":"<!-- This site is optimized with the Yoast SEO plugin v17.6 - https:\/\/yoast.com\/wordpress\/plugins\/seo\/ -->\n<title>Acollida a la Fraternitat: Hostatgeria de la Fraternitat de Santa Clara<\/title>\n<meta name=\"description\" content=\"La Fraternitat de Clarisses a Vilob\u00ed d\u2019Onyar, Girona, ofereix el servei d&#039;hostatgeria i permet a tothom la participaci\u00f3 a les preg\u00e0ries.\" \/>\n<meta name=\"robots\" content=\"index, follow, max-snippet:-1, max-image-preview:large, max-video-preview:-1\" \/>\n<link rel=\"canonical\" href=\"https:\/\/clarisas.cat\/ca\/hostatgeria-acollida-santa-clara-girona\/\" \/>\n<meta property=\"og:locale\" content=\"ca_ES\" \/>\n<meta property=\"og:type\" content=\"article\" \/>\n<meta property=\"og:title\" content=\"Acollida a la Fraternitat: Hostatgeria de la Fraternitat de Santa Clara\" \/>\n<meta property=\"og:description\" content=\"La Fraternitat de Clarisses a Vilob\u00ed d\u2019Onyar, Girona, ofereix el servei d&#039;hostatgeria i permet a tothom la participaci\u00f3 a les preg\u00e0ries.\" \/>\n<meta property=\"og:url\" content=\"https:\/\/clarisas.cat\/ca\/hostatgeria-acollida-santa-clara-girona\/\" \/>\n<meta property=\"og:site_name\" content=\"Fraternitat de Clarisses de Vilob\u00ed d\u2019Onyar - Girona | Hostatgeria\" \/>\n<meta property=\"article:publisher\" content=\"https:\/\/www.facebook.com\/claradassis.fraternitatgirona\" \/>\n<meta property=\"article:modified_time\" content=\"2021-11-23T14:28:46+00:00\" \/>\n<meta property=\"og:image\" content=\"https:\/\/clarisas.cat\/wp-content\/uploads\/2019\/08\/acompanyament-i-acollida.jpg\" \/>\n\t<meta property=\"og:image:width\" content=\"832\" \/>\n\t<meta property=\"og:image:height\" content=\"543\" \/>\n<meta name=\"twitter:card\" content=\"summary_large_image\" \/>\n<meta name=\"twitter:site\" content=\"@clarisasvilobi\" \/>\n<meta name=\"twitter:label1\" content=\"Temps estimat de lectura\" \/>\n\t<meta name=\"twitter:data1\" content=\"6 minuts\" \/>\n<script type=\"application\/ld+json\" class=\"yoast-schema-graph\">{\"@context\":\"https:\/\/schema.org\",\"@graph\":[{\"@type\":\"WebSite\",\"@id\":\"https:\/\/clarisas.cat\/ca\/#website\",\"url\":\"https:\/\/clarisas.cat\/ca\/\",\"name\":\"Fraternitat de Clarisses de Vilob\\u00ed d\\u2019Onyar - Girona | Hostatgeria\",\"description\":\"Les Clarisses de Girona desitgem compartir la riquesa i joia de viure, des de la fraternitat i la preg\\u00e0ria. Obert a tothom que vulgui compartir la preg\\u00e0ria.\",\"potentialAction\":[{\"@type\":\"SearchAction\",\"target\":{\"@type\":\"EntryPoint\",\"urlTemplate\":\"https:\/\/clarisas.cat\/ca\/?s={search_term_string}\"},\"query-input\":\"required name=search_term_string\"}],\"inLanguage\":\"ca\"},{\"@type\":\"ImageObject\",\"@id\":\"https:\/\/clarisas.cat\/ca\/hostatgeria-acollida-santa-clara-girona\/#primaryimage\",\"inLanguage\":\"ca\",\"url\":\"https:\/\/clarisas.cat\/wp-content\/uploads\/2019\/08\/acompanyament-i-acollida.jpg\",\"contentUrl\":\"https:\/\/clarisas.cat\/wp-content\/uploads\/2019\/08\/acompanyament-i-acollida.jpg\",\"width\":832,\"height\":543},{\"@type\":\"WebPage\",\"@id\":\"https:\/\/clarisas.cat\/ca\/hostatgeria-acollida-santa-clara-girona\/#webpage\",\"url\":\"https:\/\/clarisas.cat\/ca\/hostatgeria-acollida-santa-clara-girona\/\",\"name\":\"Acollida a la Fraternitat: Hostatgeria de la Fraternitat de Santa Clara\",\"isPartOf\":{\"@id\":\"https:\/\/clarisas.cat\/ca\/#website\"},\"primaryImageOfPage\":{\"@id\":\"https:\/\/clarisas.cat\/ca\/hostatgeria-acollida-santa-clara-girona\/#primaryimage\"},\"datePublished\":\"2019-07-19T11:49:13+00:00\",\"dateModified\":\"2021-11-23T14:28:46+00:00\",\"description\":\"La Fraternitat de Clarisses a Vilob\\u00ed d\\u2019Onyar, Girona, ofereix el servei d'hostatgeria i permet a tothom la participaci\\u00f3 a les preg\\u00e0ries.\",\"breadcrumb\":{\"@id\":\"https:\/\/clarisas.cat\/ca\/hostatgeria-acollida-santa-clara-girona\/#breadcrumb\"},\"inLanguage\":\"ca\",\"potentialAction\":[{\"@type\":\"ReadAction\",\"target\":[\"https:\/\/clarisas.cat\/ca\/hostatgeria-acollida-santa-clara-girona\/\"]}]},{\"@type\":\"BreadcrumbList\",\"@id\":\"https:\/\/clarisas.cat\/ca\/hostatgeria-acollida-santa-clara-girona\/#breadcrumb\",\"itemListElement\":[{\"@type\":\"ListItem\",\"position\":1,\"name\":\"Inici\",\"item\":\"https:\/\/clarisas.cat\/ca\/\"},{\"@type\":\"ListItem\",\"position\":2,\"name\":\"Acollida i acompanyament\"}]}]}<\/script>\n<!-- \/ Yoast SEO plugin. -->","yoast_head_json":{"title":"Acollida a la Fraternitat: Hostatgeria de la Fraternitat de Santa Clara","description":"La Fraternitat de Clarisses a Vilob\u00ed d\u2019Onyar, Girona, ofereix el servei d'hostatgeria i permet a tothom la participaci\u00f3 a les preg\u00e0ries.","robots":{"index":"index","follow":"follow","max-snippet":"max-snippet:-1","max-image-preview":"max-image-preview:large","max-video-preview":"max-video-preview:-1"},"canonical":"https:\/\/clarisas.cat\/ca\/hostatgeria-acollida-santa-clara-girona\/","og_locale":"ca_ES","og_type":"article","og_title":"Acollida a la Fraternitat: Hostatgeria de la Fraternitat de Santa Clara","og_description":"La Fraternitat de Clarisses a Vilob\u00ed d\u2019Onyar, Girona, ofereix el servei d'hostatgeria i permet a tothom la participaci\u00f3 a les preg\u00e0ries.","og_url":"https:\/\/clarisas.cat\/ca\/hostatgeria-acollida-santa-clara-girona\/","og_site_name":"Fraternitat de Clarisses de Vilob\u00ed d\u2019Onyar - Girona | Hostatgeria","article_publisher":"https:\/\/www.facebook.com\/claradassis.fraternitatgirona","article_modified_time":"2021-11-23T14:28:46+00:00","og_image":[{"width":832,"height":543,"url":"https:\/\/clarisas.cat\/wp-content\/uploads\/2019\/08\/acompanyament-i-acollida.jpg","type":"image\/jpeg"}],"twitter_card":"summary_large_image","twitter_site":"@clarisasvilobi","twitter_misc":{"Temps estimat de lectura":"6 minuts"},"schema":{"@context":"https:\/\/schema.org","@graph":[{"@type":"WebSite","@id":"https:\/\/clarisas.cat\/ca\/#website","url":"https:\/\/clarisas.cat\/ca\/","name":"Fraternitat de Clarisses de Vilob\u00ed d\u2019Onyar - Girona | Hostatgeria","description":"Les Clarisses de Girona desitgem compartir la riquesa i joia de viure, des de la fraternitat i la preg\u00e0ria. Obert a tothom que vulgui compartir la preg\u00e0ria.","potentialAction":[{"@type":"SearchAction","target":{"@type":"EntryPoint","urlTemplate":"https:\/\/clarisas.cat\/ca\/?s={search_term_string}"},"query-input":"required name=search_term_string"}],"inLanguage":"ca"},{"@type":"ImageObject","@id":"https:\/\/clarisas.cat\/ca\/hostatgeria-acollida-santa-clara-girona\/#primaryimage","inLanguage":"ca","url":"https:\/\/clarisas.cat\/wp-content\/uploads\/2019\/08\/acompanyament-i-acollida.jpg","contentUrl":"https:\/\/clarisas.cat\/wp-content\/uploads\/2019\/08\/acompanyament-i-acollida.jpg","width":832,"height":543},{"@type":"WebPage","@id":"https:\/\/clarisas.cat\/ca\/hostatgeria-acollida-santa-clara-girona\/#webpage","url":"https:\/\/clarisas.cat\/ca\/hostatgeria-acollida-santa-clara-girona\/","name":"Acollida a la Fraternitat: Hostatgeria de la Fraternitat de Santa Clara","isPartOf":{"@id":"https:\/\/clarisas.cat\/ca\/#website"},"primaryImageOfPage":{"@id":"https:\/\/clarisas.cat\/ca\/hostatgeria-acollida-santa-clara-girona\/#primaryimage"},"datePublished":"2019-07-19T11:49:13+00:00","dateModified":"2021-11-23T14:28:46+00:00","description":"La Fraternitat de Clarisses a Vilob\u00ed d\u2019Onyar, Girona, ofereix el servei d'hostatgeria i permet a tothom la participaci\u00f3 a les preg\u00e0ries.","breadcrumb":{"@id":"https:\/\/clarisas.cat\/ca\/hostatgeria-acollida-santa-clara-girona\/#breadcrumb"},"inLanguage":"ca","potentialAction":[{"@type":"ReadAction","target":["https:\/\/clarisas.cat\/ca\/hostatgeria-acollida-santa-clara-girona\/"]}]},{"@type":"BreadcrumbList","@id":"https:\/\/clarisas.cat\/ca\/hostatgeria-acollida-santa-clara-girona\/#breadcrumb","itemListElement":[{"@type":"ListItem","position":1,"name":"Inici","item":"https:\/\/clarisas.cat\/ca\/"},{"@type":"ListItem","position":2,"name":"Acollida i acompanyament"}]}]}},"_links":{"self":[{"href":"https:\/\/clarisas.cat\/ca\/wp-json\/wp\/v2\/pages\/15486"}],"collection":[{"href":"https:\/\/clarisas.cat\/ca\/wp-json\/wp\/v2\/pages"}],"about":[{"href":"https:\/\/clarisas.cat\/ca\/wp-json\/wp\/v2\/types\/page"}],"author":[{"embeddable":true,"href":"https:\/\/clarisas.cat\/ca\/wp-json\/wp\/v2\/users\/2"}],"replies":[{"embeddable":true,"href":"https:\/\/clarisas.cat\/ca\/wp-json\/wp\/v2\/comments?post=15486"}],"version-history":[{"count":118,"href":"https:\/\/clarisas.cat\/ca\/wp-json\/wp\/v2\/pages\/15486\/revisions"}],"predecessor-version":[{"id":15969,"href":"https:\/\/clarisas.cat\/ca\/wp-json\/wp\/v2\/pages\/15486\/revisions\/15969"}],"wp:featuredmedia":[{"embeddable":true,"href":"https:\/\/clarisas.cat\/ca\/wp-json\/wp\/v2\/media\/16346"}],"wp:attachment":[{"href":"https:\/\/clarisas.cat\/ca\/wp-json\/wp\/v2\/media?parent=15486"}],"curies":[{"name":"wp","href":"https:\/\/api.w.org\/{rel}","templated":true}]}}