{"id":15691,"date":"2019-08-03T10:55:37","date_gmt":"2019-08-03T08:55:37","guid":{"rendered":"https:\/\/clarisas.cat\/?page_id=15691"},"modified":"2019-10-22T17:01:24","modified_gmt":"2019-10-22T15:01:24","slug":"nosotras","status":"publish","type":"page","link":"https:\/\/clarisas.cat\/es\/nosotras\/","title":{"rendered":"Nosotras"},"content":{"rendered":"<p>[vc_row css_animation=\u00bb\u00bb row_type=\u00bbrow\u00bb use_row_as_full_screen_section=\u00bbno\u00bb type=\u00bbgrid\u00bb angled_section=\u00bbno\u00bb text_align=\u00bbleft\u00bb background_image_as_pattern=\u00bbwithout_pattern\u00bb padding_top=\u00bb70&#8243; padding_bottom=\u00bb60&#8243;][vc_column offset=\u00bbvc_col-xs-12&#8243;][vc_single_image image=\u00bb15776&#8243; img_size=\u00bbfull\u00bb alignment=\u00bbcenter\u00bb qode_css_animation=\u00bb\u00bb][vc_separator type=\u00bbtransparent\u00bb up=\u00bb16&#8243; down=\u00bb0&#8243;][vc_column_text]<\/p>\n<h2 style=\"text-align: center;\">Disc\u00edpulas y Hermanas<\/h2>\n<p>[\/vc_column_text][vc_separator type=\u00bbtransparent\u00bb up=\u00bb10&#8243; down=\u00bb0&#8243;][vc_column_text]<\/p>\n<h4 style=\"text-align: left;\">Somos un grupo de hermanas de edades y procedencias bien diferentes que hemos optado por vivir la fe en fraternidad. Agradecidas por este Don, la vida diaria es enriquecida por la diversidad de caracteres, pensamientos y maneras de hacer de cada una de nosotras.<\/h4>\n<p>[\/vc_column_text][\/vc_column][\/vc_row][vc_row css_animation=\u00bb\u00bb row_type=\u00bbrow\u00bb use_row_as_full_screen_section=\u00bbno\u00bb type=\u00bbgrid\u00bb angled_section=\u00bbno\u00bb text_align=\u00bbcenter\u00bb background_image_as_pattern=\u00bbwithout_pattern\u00bb padding_bottom=\u00bb37&#8243; z_index=\u00bb\u00bb][vc_column width=\u00bb1\/2&#8243;][vc_separator type=\u00bbtransparent\u00bb up=\u00bb2&#8243; down=\u00bb0&#8243;][vc_column_text]<\/p>\n<h5>UNA HISTORIA QUE EMPIEZA\u2026<\/h5>\n<p>[\/vc_column_text][vc_separator type=\u00bbtransparent\u00bb up=\u00bb16&#8243; down=\u00bb0&#8243;][vc_column_text]<\/p>\n<p style=\"text-align: left;\">Las hermanas clarisas son las continuadoras de la opci\u00f3n de vida evang\u00e9lica que Santa Clara de As\u00eds hizo a los 18 a\u00f1os, el a\u00f1o 1211, para seguir m\u00e1s de cerca las huellas de Cristo, en fraternidad y pobreza, orando y alabando a Dios por todo lo bueno que nos da d\u00eda tras d\u00eda. Clara de As\u00eds muri\u00f3 el 11 de agosto de 1253. A su muerte ya hab\u00eda 70 comunidades de Hermanas Pobres.<\/p>\n<p style=\"text-align: left;\">Su libertad personal y espiritual, ante las estructuras sociales y religiosas, la capacit\u00f3 para acoger la novedad de la vida evang\u00e9lica franciscana. Clara abri\u00f3 sendas nuevas para la mujer dentro de la vida consagrada de su tiempo, posibilitando que toda persona, independientemente de su origen social, pudiera vivir el evangelio en igualdad y corresponsabilidad.<\/p>\n<p>[\/vc_column_text][vc_separator type=\u00bbtransparent\u00bb up=\u00bb16&#8243; down=\u00bb0&#8243;][vc_separator type=\u00bbtransparent\u00bb up=\u00bb16&#8243; down=\u00bb0&#8243;][vc_column_text]<\/p>\n<h5>UNA HISTORIA QUE SIGUE\u2026<\/h5>\n<p>[\/vc_column_text][vc_separator type=\u00bbtransparent\u00bb up=\u00bb16&#8243; down=\u00bb0&#8243;][vc_column_text]<\/p>\n<p style=\"text-align: left;\">Hacia 1319 lleg\u00f3 a Girona la primera comunidad de hermanas clarisas que plantaron, en tierras gerundenses, el esp\u00edritu evang\u00e9lico de santa Clara. Con no pocas dificultades a lo largo de la historia, ese esp\u00edritu de fraternidad ha durado en el tiempo hasta hoy.<\/p>\n<p>[\/vc_column_text][vc_separator type=\u00bbtransparent\u00bb up=\u00bb16&#8243; down=\u00bb0&#8243;][vc_separator type=\u00bbtransparent\u00bb up=\u00bb16&#8243; down=\u00bb0&#8243;][vc_separator type=\u00bbtransparent\u00bb up=\u00bb16&#8243; down=\u00bb0&#8243;][vc_column_text]<\/p>\n<h5>UNA HISTORIA QUE ES VIDA\u2026<\/h5>\n<p>[\/vc_column_text][vc_separator type=\u00bbtransparent\u00bb up=\u00bb16&#8243; down=\u00bb0&#8243;][vc_column_text]<\/p>\n<p style=\"text-align: left;\">El a\u00f1o 1974 la comunidad se traslad\u00f3 a un nuevo edificio, situado en plena naturaleza, en la comarca de la Selva. Nos encontramos a las afueras de Vilob\u00ed d\u2019Onyar a donde, con la gracia de Dios, mantenemos vivo el esp\u00edritu evang\u00e9lico que inspir\u00e1 Clara de As\u00eds.<\/p>\n<p>[\/vc_column_text][vc_separator type=\u00bbtransparent\u00bb up=\u00bb50&#8243; down=\u00bb0&#8243;][\/vc_column][vc_column width=\u00bb1\/2&#8243;][vc_separator type=\u00bbtransparent\u00bb up=\u00bb16&#8243; down=\u00bb0&#8243;][vc_separator type=\u00bbtransparent\u00bb up=\u00bb16&#8243; down=\u00bb0&#8243;][vc_separator type=\u00bbtransparent\u00bb up=\u00bb16&#8243; down=\u00bb0&#8243;]<div class='qode-expanding-images'><div class='qode-expanding-images-inner'><img class='qode-frame-image' src='https:\/\/clarisas.cat\/wp-content\/themes\/bridge\/css\/img\/expanding_images_laptop.png' alt='laptop frame' \/><div class='qode-hero-image'><img class='qode-frame-image qode-lazy-image' src='#' alt='hero image' data-image='https:\/\/clarisas.cat\/wp-content\/uploads\/2019\/10\/clara-y-francisco-2.jpg' data-lazy='true' \/><\/div><\/div><div class='qode-side-images'><\/div><\/div>[vc_separator type=\u00bbtransparent\u00bb up=\u00bb16&#8243; down=\u00bb0&#8243;][vc_separator type=\u00bbtransparent\u00bb up=\u00bb16&#8243; down=\u00bb0&#8243;][vc_separator type=\u00bbtransparent\u00bb up=\u00bb16&#8243; down=\u00bb0&#8243;]<div class='qode-expanding-images'><div class='qode-expanding-images-inner'><img class='qode-frame-image' src='https:\/\/clarisas.cat\/wp-content\/themes\/bridge\/css\/img\/expanding_images_laptop.png' alt='laptop frame' \/><div class='qode-hero-image'><img class='qode-frame-image qode-lazy-image' src='#' alt='hero image' data-image='https:\/\/clarisas.cat\/wp-content\/uploads\/2019\/10\/girona.jpg' data-lazy='true' \/><\/div><\/div><div class='qode-side-images'><\/div><\/div>[vc_separator type=\u00bbtransparent\u00bb up=\u00bb16&#8243; down=\u00bb0&#8243;]<div class='qode-expanding-images'><div class='qode-expanding-images-inner'><img class='qode-frame-image' src='https:\/\/clarisas.cat\/wp-content\/themes\/bridge\/css\/img\/expanding_images_laptop.png' alt='laptop frame' \/><div class='qode-hero-image'><img class='qode-frame-image qode-lazy-image' src='#' alt='hero image' data-image='https:\/\/clarisas.cat\/wp-content\/uploads\/2019\/10\/fraternitat-vilobi.jpg' data-lazy='true' \/><\/div><\/div><div class='qode-side-images'><\/div><\/div>[\/vc_column][\/vc_row][vc_row css_animation=\u00bb\u00bb row_type=\u00bbrow\u00bb use_row_as_full_screen_section=\u00bbno\u00bb type=\u00bbgrid\u00bb angled_section=\u00bbno\u00bb text_align=\u00bbleft\u00bb background_image_as_pattern=\u00bbwithout_pattern\u00bb padding_top=\u00bb70&#8243; padding_bottom=\u00bb60&#8243; background_image=\u00bb15320&#8243;][vc_column offset=\u00bbvc_col-lg-offset-1 vc_col-lg-10 vc_col-md-offset-1 vc_col-md-10 vc_col-xs-12&#8243;][vc_single_image image=\u00bb15668&#8243; img_size=\u00bbfull\u00bb alignment=\u00bbcenter\u00bb qode_css_animation=\u00bb\u00bb][vc_separator type=\u00bbtransparent\u00bb up=\u00bb16&#8243; down=\u00bb0&#8243;][vc_column_text]<\/p>\n<h2 style=\"text-align: center;\"><span style=\"color: #ffffff;\">TIEMPO Y ESPACIO PARA LA PLEGARIA<\/span><\/h2>\n<p>[\/vc_column_text][vc_separator type=\u00bbtransparent\u00bb up=\u00bb10&#8243; down=\u00bb0&#8243;][vc_column_text]<\/p>\n<h4 style=\"text-align: center;\"><span style=\"color: #f2e202;\">LAS CELEBRACIONES LIT\u00daRGICAS Y EL TIEMPO DE PLEGARIA EST\u00c1N ABIERTOS A TODA PERSONA.<\/span><\/h4>\n<p>[\/vc_column_text][\/vc_column][\/vc_row]<\/p>\n","protected":false},"excerpt":{"rendered":"<p>[vc_row css_animation=\u00bb\u00bb row_type=\u00bbrow\u00bb use_row_as_full_screen_section=\u00bbno\u00bb type=\u00bbgrid\u00bb angled_section=\u00bbno\u00bb text_align=\u00bbleft\u00bb background_image_as_pattern=\u00bbwithout_pattern\u00bb padding_top=\u00bb70&#8243; padding_bottom=\u00bb60&#8243;][vc_column offset=\u00bbvc_col-xs-12&#8243;][vc_single_image image=\u00bb15776&#8243; img_size=\u00bbfull\u00bb alignment=\u00bbcenter\u00bb qode_css_animation=\u00bb\u00bb][vc_separator type=\u00bbtransparent\u00bb up=\u00bb16&#8243; down=\u00bb0&#8243;][vc_column_text] Disc\u00edpulas y Hermanas [\/vc_column_text][vc_separator type=\u00bbtransparent\u00bb up=\u00bb10&#8243; down=\u00bb0&#8243;][vc_column_text] Somos un grupo de hermanas de edades y procedencias bien diferentes que hemos optado por vivir la fe en fraternidad&#8230;.<\/p>\n","protected":false},"author":2,"featured_media":0,"parent":0,"menu_order":0,"comment_status":"open","ping_status":"closed","template":"full_width.php","meta":[],"yoast_head":"<!-- This site is optimized with the Yoast SEO plugin v17.6 - https:\/\/yoast.com\/wordpress\/plugins\/seo\/ -->\n<title>Historia de las Clarisas de Girona y la biograf\u00eda de Santa Clara de As\u00eds<\/title>\n<meta name=\"description\" content=\"Conoce la historia de las Clarisas en el mundo y en Girona: una vida ligada a la de Dios. Descubre aqu\u00ed la biograf\u00eda de Santa Clara y San Francisco de As\u00eds.\" \/>\n<meta name=\"robots\" content=\"index, follow, max-snippet:-1, max-image-preview:large, max-video-preview:-1\" \/>\n<link rel=\"canonical\" href=\"https:\/\/clarisas.cat\/es\/nosotras\/\" \/>\n<meta property=\"og:locale\" content=\"es_ES\" \/>\n<meta property=\"og:type\" content=\"article\" \/>\n<meta property=\"og:title\" content=\"Historia de las Clarisas de Girona y la biograf\u00eda de Santa Clara de As\u00eds\" \/>\n<meta property=\"og:description\" content=\"Conoce la historia de las Clarisas en el mundo y en Girona: una vida ligada a la de Dios. Descubre aqu\u00ed la biograf\u00eda de Santa Clara y San Francisco de As\u00eds.\" \/>\n<meta property=\"og:url\" content=\"https:\/\/clarisas.cat\/es\/nosotras\/\" \/>\n<meta property=\"og:site_name\" content=\"Fraternitat de Clarisses de Vilob\u00ed d\u2019Onyar - Girona | Hostatgeria\" \/>\n<meta property=\"article:publisher\" content=\"https:\/\/www.facebook.com\/claradassis.fraternitatgirona\" \/>\n<meta property=\"article:modified_time\" content=\"2019-10-22T15:01:24+00:00\" \/>\n<meta name=\"twitter:card\" content=\"summary_large_image\" \/>\n<meta name=\"twitter:site\" content=\"@clarisasvilobi\" \/>\n<meta name=\"twitter:label1\" content=\"Tiempo de lectura\" \/>\n\t<meta name=\"twitter:data1\" content=\"3 minutos\" \/>\n<script type=\"application\/ld+json\" class=\"yoast-schema-graph\">{\"@context\":\"https:\/\/schema.org\",\"@graph\":[{\"@type\":\"WebSite\",\"@id\":\"https:\/\/clarisas.cat\/ca\/#website\",\"url\":\"https:\/\/clarisas.cat\/ca\/\",\"name\":\"Fraternitat de Clarisses de Vilob\\u00ed d\\u2019Onyar - Girona | Hostatgeria\",\"description\":\"Les Clarisses de Girona desitgem compartir la riquesa i joia de viure, des de la fraternitat i la preg\\u00e0ria. Obert a tothom que vulgui compartir la preg\\u00e0ria.\",\"potentialAction\":[{\"@type\":\"SearchAction\",\"target\":{\"@type\":\"EntryPoint\",\"urlTemplate\":\"https:\/\/clarisas.cat\/ca\/?s={search_term_string}\"},\"query-input\":\"required name=search_term_string\"}],\"inLanguage\":\"es\"},{\"@type\":\"WebPage\",\"@id\":\"https:\/\/clarisas.cat\/es\/nosotras\/#webpage\",\"url\":\"https:\/\/clarisas.cat\/es\/nosotras\/\",\"name\":\"Historia de las Clarisas de Girona y la biograf\\u00eda de Santa Clara de As\\u00eds\",\"isPartOf\":{\"@id\":\"https:\/\/clarisas.cat\/ca\/#website\"},\"datePublished\":\"2019-08-03T08:55:37+00:00\",\"dateModified\":\"2019-10-22T15:01:24+00:00\",\"description\":\"Conoce la historia de las Clarisas en el mundo y en Girona: una vida ligada a la de Dios. Descubre aqu\\u00ed la biograf\\u00eda de Santa Clara y San Francisco de As\\u00eds.\",\"breadcrumb\":{\"@id\":\"https:\/\/clarisas.cat\/es\/nosotras\/#breadcrumb\"},\"inLanguage\":\"es\",\"potentialAction\":[{\"@type\":\"ReadAction\",\"target\":[\"https:\/\/clarisas.cat\/es\/nosotras\/\"]}]},{\"@type\":\"BreadcrumbList\",\"@id\":\"https:\/\/clarisas.cat\/es\/nosotras\/#breadcrumb\",\"itemListElement\":[{\"@type\":\"ListItem\",\"position\":1,\"name\":\"Inici\",\"item\":\"https:\/\/clarisas.cat\/es\/\"},{\"@type\":\"ListItem\",\"position\":2,\"name\":\"Nosotras\"}]}]}<\/script>\n<!-- \/ Yoast SEO plugin. -->","yoast_head_json":{"title":"Historia de las Clarisas de Girona y la biograf\u00eda de Santa Clara de As\u00eds","description":"Conoce la historia de las Clarisas en el mundo y en Girona: una vida ligada a la de Dios. Descubre aqu\u00ed la biograf\u00eda de Santa Clara y San Francisco de As\u00eds.","robots":{"index":"index","follow":"follow","max-snippet":"max-snippet:-1","max-image-preview":"max-image-preview:large","max-video-preview":"max-video-preview:-1"},"canonical":"https:\/\/clarisas.cat\/es\/nosotras\/","og_locale":"es_ES","og_type":"article","og_title":"Historia de las Clarisas de Girona y la biograf\u00eda de Santa Clara de As\u00eds","og_description":"Conoce la historia de las Clarisas en el mundo y en Girona: una vida ligada a la de Dios. Descubre aqu\u00ed la biograf\u00eda de Santa Clara y San Francisco de As\u00eds.","og_url":"https:\/\/clarisas.cat\/es\/nosotras\/","og_site_name":"Fraternitat de Clarisses de Vilob\u00ed d\u2019Onyar - Girona | Hostatgeria","article_publisher":"https:\/\/www.facebook.com\/claradassis.fraternitatgirona","article_modified_time":"2019-10-22T15:01:24+00:00","twitter_card":"summary_large_image","twitter_site":"@clarisasvilobi","twitter_misc":{"Tiempo de lectura":"3 minutos"},"schema":{"@context":"https:\/\/schema.org","@graph":[{"@type":"WebSite","@id":"https:\/\/clarisas.cat\/ca\/#website","url":"https:\/\/clarisas.cat\/ca\/","name":"Fraternitat de Clarisses de Vilob\u00ed d\u2019Onyar - Girona | Hostatgeria","description":"Les Clarisses de Girona desitgem compartir la riquesa i joia de viure, des de la fraternitat i la preg\u00e0ria. Obert a tothom que vulgui compartir la preg\u00e0ria.","potentialAction":[{"@type":"SearchAction","target":{"@type":"EntryPoint","urlTemplate":"https:\/\/clarisas.cat\/ca\/?s={search_term_string}"},"query-input":"required name=search_term_string"}],"inLanguage":"es"},{"@type":"WebPage","@id":"https:\/\/clarisas.cat\/es\/nosotras\/#webpage","url":"https:\/\/clarisas.cat\/es\/nosotras\/","name":"Historia de las Clarisas de Girona y la biograf\u00eda de Santa Clara de As\u00eds","isPartOf":{"@id":"https:\/\/clarisas.cat\/ca\/#website"},"datePublished":"2019-08-03T08:55:37+00:00","dateModified":"2019-10-22T15:01:24+00:00","description":"Conoce la historia de las Clarisas en el mundo y en Girona: una vida ligada a la de Dios. Descubre aqu\u00ed la biograf\u00eda de Santa Clara y San Francisco de As\u00eds.","breadcrumb":{"@id":"https:\/\/clarisas.cat\/es\/nosotras\/#breadcrumb"},"inLanguage":"es","potentialAction":[{"@type":"ReadAction","target":["https:\/\/clarisas.cat\/es\/nosotras\/"]}]},{"@type":"BreadcrumbList","@id":"https:\/\/clarisas.cat\/es\/nosotras\/#breadcrumb","itemListElement":[{"@type":"ListItem","position":1,"name":"Inici","item":"https:\/\/clarisas.cat\/es\/"},{"@type":"ListItem","position":2,"name":"Nosotras"}]}]}},"_links":{"self":[{"href":"https:\/\/clarisas.cat\/es\/wp-json\/wp\/v2\/pages\/15691"}],"collection":[{"href":"https:\/\/clarisas.cat\/es\/wp-json\/wp\/v2\/pages"}],"about":[{"href":"https:\/\/clarisas.cat\/es\/wp-json\/wp\/v2\/types\/page"}],"author":[{"embeddable":true,"href":"https:\/\/clarisas.cat\/es\/wp-json\/wp\/v2\/users\/2"}],"replies":[{"embeddable":true,"href":"https:\/\/clarisas.cat\/es\/wp-json\/wp\/v2\/comments?post=15691"}],"version-history":[{"count":22,"href":"https:\/\/clarisas.cat\/es\/wp-json\/wp\/v2\/pages\/15691\/revisions"}],"predecessor-version":[{"id":17414,"href":"https:\/\/clarisas.cat\/es\/wp-json\/wp\/v2\/pages\/15691\/revisions\/17414"}],"wp:attachment":[{"href":"https:\/\/clarisas.cat\/es\/wp-json\/wp\/v2\/media?parent=15691"}],"curies":[{"name":"wp","href":"https:\/\/api.w.org\/{rel}","templated":true}]}}